{"id":1142333,"date":"2022-02-10T11:11:22","date_gmt":"2022-02-10T10:11:22","guid":{"rendered":"https:\/\/www.locabarcelona.com\/abitazioni-affitto\/poblenou\/"},"modified":"2026-07-28T12:48:17","modified_gmt":"2026-07-28T10:48:17","slug":"poblenou","status":"publish","type":"page","link":"https:\/\/www.locabarcelona.com\/it\/abitazioni-affitto\/poblenou\/","title":{"rendered":"Appartamenti in affitto a Poblenou"},"content":{"rendered":"\t\t<div data-elementor-type=\"wp-page\" data-elementor-id=\"1142333\" class=\"elementor elementor-1142333 elementor-438217\" data-elementor-post-type=\"page\">\n\t\t\t\t\t\t<section class=\"elementor-section elementor-top-section elementor-element elementor-element-763464e elementor-section-boxed elementor-section-height-default elementor-section-height-default\" data-id=\"763464e\" data-element_type=\"section\">\n\t\t\t\t\t\t<div class=\"elementor-container elementor-column-gap-default\">\n\t\t\t\t\t<div class=\"elementor-column elementor-col-100 elementor-top-column elementor-element elementor-element-58abf2b\" data-id=\"58abf2b\" data-element_type=\"column\">\n\t\t\t<div class=\"elementor-widget-wrap elementor-element-populated\">\n\t\t\t\t\t\t<div class=\"elementor-element elementor-element-12ab8c7 elementor-widget elementor-widget-heading\" data-id=\"12ab8c7\" data-element_type=\"widget\" data-widget_type=\"heading.default\">\n\t\t\t\t<div class=\"elementor-widget-container\">\n\t\t\t<h2 class=\"elementor-heading-title elementor-size-default\">Perch\u00e9 affittare un appartamento a Poblenou?<\/h2>\t\t<\/div>\n\t\t\t\t<\/div>\n\t\t\t\t\t<\/div>\n\t\t<\/div>\n\t\t\t\t\t<\/div>\n\t\t<\/section>\n\t\t\t\t<section class=\"elementor-section elementor-top-section elementor-element elementor-element-f6ab816 elementor-section-boxed elementor-section-height-default elementor-section-height-default\" data-id=\"f6ab816\" data-element_type=\"section\">\n\t\t\t\t\t\t<div class=\"elementor-container elementor-column-gap-default\">\n\t\t\t\t\t<div class=\"elementor-column elementor-col-100 elementor-top-column elementor-element elementor-element-25b7c67\" data-id=\"25b7c67\" data-element_type=\"column\">\n\t\t\t<div class=\"elementor-widget-wrap elementor-element-populated\">\n\t\t\t\t\t\t<div class=\"elementor-element elementor-element-75371b8 elementor-widget elementor-widget-text-editor\" data-id=\"75371b8\" data-element_type=\"widget\" data-widget_type=\"text-editor.default\">\n\t\t\t\t<div class=\"elementor-widget-container\">\n\t\t\t\t\t\t\t<p><strong>Loca Barcelona ti offre un&#8217;ampia variet\u00e0 di appartamenti in affitto a Poblenou<\/strong>. Sono disponibili appartamenti con 4 e 5 camere da letto, con ascensore e parcheggio. <strong>Offriamo affitti a breve e lungo termine e affitti di case vacanze<\/strong>. Inoltre, tutti i nostri affitti turistici e di breve durata sono completamente arredati e dotati di WI-FI; invece quelli a lungo termine possono essere immobili completamente arredati, parzialmente arredati e vuoti. <strong>Abbiamo nuove opportunit\u00e0 ogni settimana<\/strong>, quindi ti consigliamo di consultare regolarmente il nostro sito web per conoscere le nuove offerte. Altrimenti puoi contattarci comunicandoci le tue esigenze e troveremo l&#8217;appartamento pi\u00f9 adatto a te.<\/p><p>Situata nella <strong>parte nord-orientale della citt\u00e0<\/strong>, questa zona del <strong>distretto di Sant Mart\u00ed<\/strong> ha visto il suo paesaggio drasticamente alterato dagli interventi urbanistici legati ai Giochi Olimpici di Barcellona. <strong>Un tempo zona industriale, Poblenou ha visto sorgere molti nuovi edifici e propriet\u00e0 moderne<\/strong>. Tuttavia, rimangono ancora tracce dell&#8217;epoca industriale della zona. Esempi significativi dell&#8217;architettura industriale di quel periodo sono <strong>Can Felipa<\/strong> o l&#8217;<strong>architettura modernista<\/strong>.<\/p><p>Allo stesso modo, <strong>Poblenou \u00e8 diventata una delle zone pi\u00f9 moderne, artistiche e creative di Barcellona<\/strong>. Il Poblenou ospita anche il <strong>Distretto 22@<\/strong>, il centro tecnologico della citt\u00e0, che lo rende una zona particolarmente strategica ed economicamente dinamica per la citt\u00e0 di Barcellona. C&#8217;\u00e8 anche una grande concentrazione di campus universitari, come il <strong>campus Pompeu Fabra Poblenou<\/strong>. Per questo motivo, la zona \u00e8 la preferita dei liberi professionisti e degli studenti che cercano un appartamento in affitto a Barcellona. Ci sono molti <strong>monolocali<\/strong>, <strong>loft<\/strong> e <strong>appartamenti per studenti<\/strong> a prezzi accessibili. Tra le proposte troverai anche molti <strong>appartamenti con pi\u00f9 camere<\/strong>, <strong>perfetti da condividere<\/strong>. Questo \u00e8 un ottimo posto dove soggiornare se stai cercando un appartamento in affitto a un prezzo modesto, ma comunque <strong>vicino al centro di Barcellona<\/strong>.<\/p>\t\t\t\t\t\t<\/div>\n\t\t\t\t<\/div>\n\t\t\t\t\t<\/div>\n\t\t<\/div>\n\t\t\t\t\t<\/div>\n\t\t<\/section>\n\t\t\t\t<section class=\"elementor-section elementor-top-section elementor-element elementor-element-02725a2 elementor-section-boxed elementor-section-height-default elementor-section-height-default\" data-id=\"02725a2\" data-element_type=\"section\">\n\t\t\t\t\t\t<div class=\"elementor-container elementor-column-gap-default\">\n\t\t\t\t\t<div class=\"elementor-column elementor-col-100 elementor-top-column elementor-element elementor-element-2de2801\" data-id=\"2de2801\" data-element_type=\"column\">\n\t\t\t<div class=\"elementor-widget-wrap elementor-element-populated\">\n\t\t\t\t\t\t<div class=\"elementor-element elementor-element-7d3718a elementor-widget elementor-widget-heading\" data-id=\"7d3718a\" data-element_type=\"widget\" data-widget_type=\"heading.default\">\n\t\t\t\t<div class=\"elementor-widget-container\">\n\t\t\t<h2 class=\"elementor-heading-title elementor-size-default\">Quali sono i vantaggi di affittare un appartamento nel quartiere Poblenou di Barcellona?<\/h2>\t\t<\/div>\n\t\t\t\t<\/div>\n\t\t\t\t\t<\/div>\n\t\t<\/div>\n\t\t\t\t\t<\/div>\n\t\t<\/section>\n\t\t\t\t<section class=\"elementor-section elementor-top-section elementor-element elementor-element-ef3a8d7 elementor-section-boxed elementor-section-height-default elementor-section-height-default\" data-id=\"ef3a8d7\" data-element_type=\"section\">\n\t\t\t\t\t\t<div class=\"elementor-container elementor-column-gap-default\">\n\t\t\t\t\t<div class=\"elementor-column elementor-col-100 elementor-top-column elementor-element elementor-element-b67ddc4\" data-id=\"b67ddc4\" data-element_type=\"column\">\n\t\t\t<div class=\"elementor-widget-wrap elementor-element-populated\">\n\t\t\t\t\t\t<div class=\"elementor-element elementor-element-edf7556 elementor-widget elementor-widget-text-editor\" data-id=\"edf7556\" data-element_type=\"widget\" data-widget_type=\"text-editor.default\">\n\t\t\t\t<div class=\"elementor-widget-container\">\n\t\t\t\t\t\t\t<p>Sant Mart\u00ed \u00e8 uno dei distretti pi\u00f9 popolari della citt\u00e0. Oltre a trovare molti alloggi vicino alla <strong>Rambla de Poblenou<\/strong>, potrai anche fare shopping a <strong>Glories<\/strong> o semplicemente mangiare in un <em>chiringuito<\/em> o fare una passeggiata sulla spiaggia. La Rambla de Poblenou \u00e8 un luogo particolarmente piacevole per passeggiare, poich\u00e9 \u00e8 una zona pedonale con molti negozi e ristoranti. Potrai anche scoprire la <strong>fabbrica Saladrigas<\/strong> mentre passeggi per le strade circostanti: si tratta di una delle fabbriche pi\u00f9 importanti dell&#8217;epoca industriale di questo quartiere, facilmente riconoscibile per la sua grande ciminiera centrale. Puoi anche visitare il <strong>Museo del Design di Barcellona<\/strong>.<\/p><p>Quando la stagione \u00e8 favorevole, puoi anche goderti eventi locali come il <strong>Festival del Caff\u00e8 Indipendente<\/strong> <strong>di Barcellona<\/strong> e il <strong>LLum Festival<\/strong>, il festival delle luci della citt\u00e0. Il quartiere \u00e8 molto accogliente e potrai conoscere i tuoi vicini durante questi vivaci eventi.<\/p><p>Affittando a Poblenou, vivrai anche vicino alle numerose spiagge della citt\u00e0, come la famosa <strong>spiaggia del Bogatell<\/strong> o la <strong>spiaggia della Mar Bella<\/strong>. Sarai anche a pochi passi dal bellissimo <strong>Parco della Ciutadella<\/strong>, dove potrai goderti la bellezza della zona, leggere un libro o seguire una lezione di yoga.<\/p><p>Questa zona \u00e8 molto <strong>ben collegata<\/strong>, sia con la <strong>metropolitana<\/strong> che con l&#8217;<strong>autobus<\/strong>.<\/p><p>Ti convince Poblenou? Dai un&#8217;occhiata alla nostra offerta o <a href=\"https:\/\/www.locabarcelona.com\/it\/su-di-noi\/contattaci\/\">contattaci<\/a> e ti aiuteremo a trovare il tuo appartamento in affitto a Barcellona.<\/p>\t\t\t\t\t\t<\/div>\n\t\t\t\t<\/div>\n\t\t\t\t\t<\/div>\n\t\t<\/div>\n\t\t\t\t\t<\/div>\n\t\t<\/section>\n\t\t\t\t<section class=\"elementor-section elementor-top-section elementor-element elementor-element-211a63c elementor-section-boxed elementor-section-height-default elementor-section-height-default\" data-id=\"211a63c\" data-element_type=\"section\">\n\t\t\t\t\t\t<div class=\"elementor-container elementor-column-gap-default\">\n\t\t\t\t\t<div class=\"elementor-column elementor-col-100 elementor-top-column elementor-element elementor-element-4f9cea3\" data-id=\"4f9cea3\" data-element_type=\"column\">\n\t\t\t<div class=\"elementor-widget-wrap elementor-element-populated\">\n\t\t\t\t\t\t<div class=\"elementor-element elementor-element-d157064 elementor-widget elementor-widget-heading\" data-id=\"d157064\" data-element_type=\"widget\" data-widget_type=\"heading.default\">\n\t\t\t\t<div class=\"elementor-widget-container\">\n\t\t\t<h2 class=\"elementor-heading-title elementor-size-default\">Ricerche frequenti:<\/h2>\t\t<\/div>\n\t\t\t\t<\/div>\n\t\t\t\t\t<\/div>\n\t\t<\/div>\n\t\t\t\t\t<\/div>\n\t\t<\/section>\n\t\t\t\t<section class=\"elementor-section elementor-top-section elementor-element elementor-element-25032ae6 elementor-section-boxed elementor-section-height-default elementor-section-height-default\" data-id=\"25032ae6\" data-element_type=\"section\">\n\t\t\t\t\t\t<div class=\"elementor-container elementor-column-gap-default\">\n\t\t\t\t\t<div class=\"elementor-column elementor-col-50 elementor-top-column elementor-element elementor-element-594f8eff\" data-id=\"594f8eff\" data-element_type=\"column\">\n\t\t\t<div class=\"elementor-widget-wrap elementor-element-populated\">\n\t\t\t\t\t\t<div class=\"elementor-element elementor-element-32af3bbb elementor-widget elementor-widget-text-editor\" data-id=\"32af3bbb\" data-element_type=\"widget\" data-widget_type=\"text-editor.default\">\n\t\t\t\t<div class=\"elementor-widget-container\">\n\t\t\t\t\t\t\t<p><a href=\"https:\/\/www.locabarcelona.com\/it\/abitazioni-affitto\/alloggi-studenti\/\">Appartamenti per studenti<\/a><\/p><p><a href=\"https:\/\/www.locabarcelona.com\/it\/abitazioni-affitto\/appartamenti-condivisi\/\">Appartamenti condivisi<\/a><\/p><p><a href=\"https:\/\/www.locabarcelona.com\/it\/property-status\/affitto-turistico\/\">Appartamenti turistici<\/a><\/p><p><a href=\"https:\/\/www.locabarcelona.com\/it\/property-feature\/caratteristiche\/ammobiliati\/\">Appartamenti ammobiliati in affitto<\/a><\/p><p><a href=\"https:\/\/www.locabarcelona.com\/it\/abitazioni-affitto\/affitto-monolocali\/\">Monolocali in affitto<\/a><\/p>\t\t\t\t\t\t<\/div>\n\t\t\t\t<\/div>\n\t\t\t\t\t<\/div>\n\t\t<\/div>\n\t\t\t\t<div class=\"elementor-column elementor-col-50 elementor-top-column elementor-element elementor-element-e4c4942\" data-id=\"e4c4942\" data-element_type=\"column\">\n\t\t\t<div class=\"elementor-widget-wrap elementor-element-populated\">\n\t\t\t\t\t\t<div class=\"elementor-element elementor-element-bd9ad11 elementor-widget elementor-widget-text-editor\" data-id=\"bd9ad11\" data-element_type=\"widget\" data-widget_type=\"text-editor.default\">\n\t\t\t\t<div class=\"elementor-widget-container\">\n\t\t\t\t\t\t\t<p><a href=\"https:\/\/www.locabarcelona.com\/it\/abitazioni-affitto\/con-terrazzo\/\">Appartamenti con terrazza<\/a><\/p><p><a href=\"https:\/\/www.locabarcelona.com\/it\/abitazioni-affitto\/attico-barcellona\/\">Attici<\/a><\/p><p><a href=\"https:\/\/www.locabarcelona.com\/it\/abitazioni-affitto\/2-camere\/\"><span style=\"font-weight: 400;\">Appartamenti con 2 camere da letto<\/span><\/a><\/p><p><a href=\"https:\/\/www.locabarcelona.com\/it\/abitazioni-affitto\/3-camere\/\">Appartamenti con 3 camere da letto<\/a><\/p><p><a href=\"https:\/\/www.locabarcelona.com\/it\/abitazioni-affitto\/4-camere\/\">Appartamento con 4 camere da letto<\/a><\/p>\t\t\t\t\t\t<\/div>\n\t\t\t\t<\/div>\n\t\t\t\t\t<\/div>\n\t\t<\/div>\n\t\t\t\t\t<\/div>\n\t\t<\/section>\n\t\t\t\t<section class=\"elementor-section elementor-top-section elementor-element elementor-element-5dd0c3f elementor-section-boxed elementor-section-height-default elementor-section-height-default\" data-id=\"5dd0c3f\" data-element_type=\"section\">\n\t\t\t\t\t\t<div class=\"elementor-container elementor-column-gap-default\">\n\t\t\t\t\t<div class=\"elementor-column elementor-col-100 elementor-top-column elementor-element elementor-element-54798d89\" data-id=\"54798d89\" data-element_type=\"column\">\n\t\t\t<div class=\"elementor-widget-wrap elementor-element-populated\">\n\t\t\t\t\t\t<div class=\"elementor-element elementor-element-72428b74 elementor-widget elementor-widget-heading\" data-id=\"72428b74\" data-element_type=\"widget\" data-widget_type=\"heading.default\">\n\t\t\t\t<div class=\"elementor-widget-container\">\n\t\t\t<h2 class=\"elementor-heading-title elementor-size-default\">Appartamenti in affitto suddivisi per distretti<\/h2>\t\t<\/div>\n\t\t\t\t<\/div>\n\t\t\t\t\t<\/div>\n\t\t<\/div>\n\t\t\t\t\t<\/div>\n\t\t<\/section>\n\t\t\t\t<section class=\"elementor-section elementor-top-section elementor-element elementor-element-2cde612a elementor-section-boxed elementor-section-height-default elementor-section-height-default\" data-id=\"2cde612a\" data-element_type=\"section\">\n\t\t\t\t\t\t<div class=\"elementor-container elementor-column-gap-default\">\n\t\t\t\t\t<div class=\"elementor-column elementor-col-50 elementor-top-column elementor-element elementor-element-5304bf29\" data-id=\"5304bf29\" data-element_type=\"column\">\n\t\t\t<div class=\"elementor-widget-wrap elementor-element-populated\">\n\t\t\t\t\t\t<div class=\"elementor-element elementor-element-4c554ac9 elementor-widget elementor-widget-global elementor-global-446206 elementor-widget-text-editor\" data-id=\"4c554ac9\" data-element_type=\"widget\" data-widget_type=\"text-editor.default\">\n\t\t\t\t<div class=\"elementor-widget-container\">\n\t\t\t\t\t\t\t<p><span style=\"font-weight: 400;\"><a href=\"https:\/\/www.locabarcelona.com\/it\/abitazioni-affitto\/eixample\/\">Appartamenti in affitto all&#8217;Eixample<\/a><br \/><\/span><span style=\"font-weight: 400;\"><a href=\"https:\/\/www.locabarcelona.com\/it\/abitazioni-affitto\/eixample-dreta\/\">Appartamenti in affitto a Dreta dell\u2019Eixample<\/a>\u00a0<br \/><\/span><span style=\"font-weight: 400;\"><a href=\"https:\/\/www.locabarcelona.com\/it\/abitazioni-affitto\/antiga-esquerra-eixample\/\">Appartamenti in affitto all\u2019Antiga Esquerra dell&#8217;Eixample<\/a><br \/><\/span><a href=\"https:\/\/www.locabarcelona.com\/it\/abitazioni-affitto\/nova-esquerra-eixample\/\">Appartamenti in affitto alla Nova Esquerra dell&#8217;Eixample<\/a><br \/><span style=\"font-weight: 400;\"><a href=\"https:\/\/www.locabarcelona.com\/it\/abitazioni-affitto\/fort-pienc\/\">Appartamenti in affitto a Fort Pienc<\/a><br \/><\/span><span style=\"font-weight: 400;\"><a href=\"https:\/\/www.locabarcelona.com\/it\/abitazioni-affitto\/eixample\/sagrada-familia\/\">Appartamenti in affitto alla Sagrada Familia<\/a><br \/><\/span><span style=\"font-weight: 400;\"><a href=\"https:\/\/www.locabarcelona.com\/it\/abitazioni-affitto\/eixample\/sant-antoni\/\">Appartamenti in affitto a Sant Antoni<\/a><br \/><\/span><span style=\"font-weight: 400;\"><a href=\"https:\/\/www.locabarcelona.com\/it\/abitazioni-affitto\/ciutat-vella\/\">Appartamenti in affitto a Ciutat Vella<\/a><br \/><\/span><span style=\"font-weight: 400;\"><a href=\"https:\/\/www.locabarcelona.com\/it\/abitazioni-affitto\/gotico\/\">Appartamenti in affitto nel Quartiere Gotico<\/a><br \/><\/span><span style=\"font-weight: 400;\"><a href=\"https:\/\/www.locabarcelona.com\/it\/abitazioni-affitto\/raval\/\">Appartamenti in affitto a El Raval<\/a><br \/><\/span><span style=\"font-weight: 400;\"><a href=\"https:\/\/www.locabarcelona.com\/it\/abitazioni-affitto\/el-born\/\">Appartamenti in affitto a El Born<\/a><br \/><\/span><span style=\"font-weight: 400;\"><a href=\"https:\/\/www.locabarcelona.com\/it\/abitazioni-affitto\/barceloneta\/\">Appartamenti in affitto alla Barceloneta<\/a><br \/><\/span><span style=\"font-weight: 400;\"><a href=\"https:\/\/www.locabarcelona.com\/it\/abitazioni-affitto\/sants-montjuic\/\">Appartamenti in affitto a Sants-Montjuic<\/a><br \/><\/span><span style=\"font-weight: 400;\"><a href=\"https:\/\/www.locabarcelona.com\/it\/abitazioni-affitto\/poble-sec\/\">Appartamenti in affitto a Poble Sec<\/a><br \/><\/span><span style=\"font-weight: 400;\"><a href=\"https:\/\/www.locabarcelona.com\/it\/abitazioni-affitto\/sants\/\">Appartamenti in affitto a Sants<\/a><br \/><\/span><span style=\"font-weight: 400;\"><a href=\"https:\/\/www.locabarcelona.com\/it\/abitazioni-affitto\/el-putxet-i-farro\/\">Appartamenti in affitto a El Putxet i Farr\u00f3<\/a><br \/><\/span><span style=\"font-weight: 400;\"><a href=\"https:\/\/www.locabarcelona.com\/it\/abitazioni-affitto\/las-tres-torres\/\">Appartamenti in affitto a Las Tres Torres<\/a><br \/><\/span><a href=\"https:\/\/www.locabarcelona.com\/it\/abitazioni-affitto\/montjuic\/\"><span style=\"font-weight: 400;\">Appartamenti in affitto a Montjuic<\/span><\/a><\/p>\t\t\t\t\t\t<\/div>\n\t\t\t\t<\/div>\n\t\t\t\t\t<\/div>\n\t\t<\/div>\n\t\t\t\t<div class=\"elementor-column elementor-col-50 elementor-top-column elementor-element elementor-element-6bb2a7f4\" data-id=\"6bb2a7f4\" data-element_type=\"column\">\n\t\t\t<div class=\"elementor-widget-wrap elementor-element-populated\">\n\t\t\t\t\t\t<div class=\"elementor-element elementor-element-2fe43411 elementor-widget elementor-widget-global elementor-global-446210 elementor-widget-text-editor\" data-id=\"2fe43411\" data-element_type=\"widget\" data-widget_type=\"text-editor.default\">\n\t\t\t\t<div class=\"elementor-widget-container\">\n\t\t\t\t\t\t\t<p><span style=\"font-weight: 400;\"><a href=\"https:\/\/www.locabarcelona.com\/it\/abitazioni-affitto\/les-corts\/\">Appartamenti in affitto a Les Corts<\/a><br \/><\/span><span style=\"font-weight: 400;\"><a href=\"https:\/\/www.locabarcelona.com\/it\/abitazioni-affitto\/pedralbes\/\">Appartamenti in affitto a Pedralbes<\/a><br \/><\/span><span style=\"font-weight: 400;\"><a href=\"https:\/\/www.locabarcelona.com\/it\/abitazioni-affitto\/sarria-sant-gervasi\/\">Appartamenti in affitto a Sarria Sant Gervasi<\/a><br \/><\/span><span style=\"font-weight: 400;\"><a href=\"https:\/\/www.locabarcelona.com\/it\/abitazioni-affitto\/sarria\/\">Appartamenti in affitto a Sarria<\/a><br \/><\/span><span style=\"font-weight: 400;\"><a href=\"https:\/\/www.locabarcelona.com\/it\/abitazioni-affitto\/gracia\/\">Appartamenti in affitto a Gracia<\/a><br \/><\/span><span style=\"font-weight: 400;\"><a href=\"https:\/\/www.locabarcelona.com\/it\/abitazioni-affitto\/vila-de-gracia\/\">Appartamenti in affitto a Vila de Gr\u00e0cia<\/a><br \/><\/span><span style=\"font-weight: 400;\"><a href=\"https:\/\/www.locabarcelona.com\/it\/abitazioni-affitto\/horta-guinardo\/\">Appartamenti in affitto a Horta-Guinardo<\/a><br \/><\/span><span style=\"font-weight: 400;\"><a href=\"https:\/\/www.locabarcelona.com\/it\/abitazioni-affitto\/nou-barris\/\">Appartamenti in affitto a Nou Barris<\/a><br \/><\/span><span style=\"font-weight: 400;\"><a href=\"https:\/\/www.locabarcelona.com\/it\/abitazioni-affitto\/sant-andreu\/\">Appartamenti in affitto a Sant Andreu<\/a><br \/><\/span><span style=\"font-weight: 400;\"><a href=\"https:\/\/www.locabarcelona.com\/it\/abitazioni-affitto\/sant-marti\/\">Appartamenti in affitto a Sant Mart\u00ed<\/a><br \/><\/span><span style=\"font-weight: 400;\"><a href=\"https:\/\/www.locabarcelona.com\/it\/abitazioni-affitto\/el-clot\/\">Appartamenti in affitto a El Clot<\/a><br \/><\/span><span style=\"font-weight: 400;\"><a href=\"https:\/\/www.locabarcelona.com\/it\/abitazioni-affitto\/vila-olimpica-del-poblenou\/\">Appartamenti a La vila ol\u00edmpica del Poblenou<\/a><br \/><\/span><span style=\"font-weight: 400;\"><a href=\"https:\/\/www.locabarcelona.com\/it\/abitazioni-affitto\/poblenou\/\">Appartamenti in affitto a Poblenou<\/a><br \/><\/span><span style=\"font-weight: 400;\"><a href=\"https:\/\/www.locabarcelona.com\/it\/abitazioni-affitto\/diagonal-mar\/\">Appartamenti in affitto a Diagonal Mar<\/a><br \/><\/span><span style=\"font-weight: 400;\"><a href=\"https:\/\/www.locabarcelona.com\/it\/abitazioni-affitto\/sant-gervasi-la-bonanova\/\">Appartamenti in affitto a Sant Gervasi &#8211; la Bonanova<\/a><br \/><\/span><span style=\"font-weight: 400;\"><a href=\"https:\/\/www.locabarcelona.com\/it\/abitazioni-affitto\/sant-gervasi-galvany\/\">Appartamenti in affitto a Sant Gervasi Galvany<\/a><br \/><\/span><span style=\"font-weight: 400;\"><a href=\"https:\/\/www.locabarcelona.com\/it\/abitazioni-affitto\/zona-franca\/\">Appartamenti in affitto a Zona Franca<\/a><br \/><\/span><a href=\"https:\/\/www.locabarcelona.com\/it\/abitazioni-affitto\/sants-badal\/\"><span style=\"font-weight: 400;\">Appartamenti in affitto a Sants-Badal<\/span><\/a><\/p>\t\t\t\t\t\t<\/div>\n\t\t\t\t<\/div>\n\t\t\t\t\t<\/div>\n\t\t<\/div>\n\t\t\t\t\t<\/div>\n\t\t<\/section>\n\t\t\t\t<\/div>\n\t\t","protected":false},"excerpt":{"rendered":"<p>Perch\u00e9 affittare un appartamento a Poblenou? Loca Barcelona ti offre un&#8217;ampia variet\u00e0 di appartamenti in affitto a Poblenou. Sono disponibili appartamenti con 4 e 5 camere da letto, con ascensore e parcheggio. Offriamo affitti a breve e lungo termine e affitti di case vacanze. Inoltre, tutti i nostri affitti turistici e di breve durata sono&#8230;<\/p>\n","protected":false},"author":344,"featured_media":0,"parent":1123303,"menu_order":0,"comment_status":"closed","ping_status":"closed","template":"templates\/list-layout.php","meta":{"inline_featured_image":false,"footnotes":""},"yoast_head":"<!-- This site is optimized with the Yoast SEO Premium plugin v22.6 (Yoast SEO v22.6) - https:\/\/yoast.com\/wordpress\/plugins\/seo\/ -->\n<title>Appartamenti in affitto nel quartiere Poblenou di Barcellona | Loca Barcelona<\/title>\n<meta name=\"description\" content=\"Conosci i vantaggi di affittare un appartamento a Poblenou? Consulta il catalogo di Loca Barcelona per scoprire tutte le offerte e trovare l&#039;alloggio dei tuoi sogni.\" \/>\n<meta name=\"robots\" content=\"index, follow, max-snippet:-1, max-image-preview:large, max-video-preview:-1\" \/>\n<link rel=\"canonical\" href=\"https:\/\/www.locabarcelona.com\/it\/abitazioni-affitto\/poblenou\/\" \/>\n<meta property=\"og:locale\" content=\"it_IT\" \/>\n<meta property=\"og:type\" content=\"article\" \/>\n<meta property=\"og:title\" content=\"Appartamenti in affitto nel quartiere Poblenou di Barcellona | Loca Barcelona\" \/>\n<meta property=\"og:description\" content=\"Conosci i vantaggi di affittare un appartamento a Poblenou? Consulta il catalogo di Loca Barcelona per scoprire tutte le offerte e trovare l&#039;alloggio dei tuoi sogni.\" \/>\n<meta property=\"og:url\" content=\"https:\/\/www.locabarcelona.com\/it\/abitazioni-affitto\/poblenou\/\" \/>\n<meta property=\"og:site_name\" content=\"Locabarcelona\" \/>\n<meta property=\"article:modified_time\" content=\"2026-07-28T10:48:17+00:00\" \/>\n<meta name=\"twitter:card\" content=\"summary_large_image\" \/>\n<meta name=\"twitter:label1\" content=\"Est. reading time\" \/>\n\t<meta name=\"twitter:data1\" content=\"5 minuti\" \/>\n<script type=\"application\/ld+json\" class=\"yoast-schema-graph\">{\"@context\":\"https:\/\/schema.org\",\"@graph\":[{\"@type\":\"WebPage\",\"@id\":\"https:\/\/www.locabarcelona.com\/it\/abitazioni-affitto\/poblenou\/\",\"url\":\"https:\/\/www.locabarcelona.com\/it\/abitazioni-affitto\/poblenou\/\",\"name\":\"Appartamenti in affitto nel quartiere Poblenou di Barcellona | Loca Barcelona\",\"isPartOf\":{\"@id\":\"https:\/\/www.locabarcelona.com\/it\/#website\"},\"datePublished\":\"2022-02-10T10:11:22+00:00\",\"dateModified\":\"2026-07-28T10:48:17+00:00\",\"description\":\"Conosci i vantaggi di affittare un appartamento a Poblenou? Consulta il catalogo di Loca Barcelona per scoprire tutte le offerte e trovare l'alloggio dei tuoi sogni.\",\"breadcrumb\":{\"@id\":\"https:\/\/www.locabarcelona.com\/it\/abitazioni-affitto\/poblenou\/#breadcrumb\"},\"inLanguage\":\"it-IT\",\"potentialAction\":[{\"@type\":\"ReadAction\",\"target\":[\"https:\/\/www.locabarcelona.com\/it\/abitazioni-affitto\/poblenou\/\"]}]},{\"@type\":\"BreadcrumbList\",\"@id\":\"https:\/\/www.locabarcelona.com\/it\/abitazioni-affitto\/poblenou\/#breadcrumb\",\"itemListElement\":[{\"@type\":\"ListItem\",\"position\":1,\"name\":\"Inicio\",\"item\":\"https:\/\/www.locabarcelona.com\/it\/\"},{\"@type\":\"ListItem\",\"position\":2,\"name\":\"Agenzia immobiliare Barcellona\",\"item\":\"https:\/\/www.locabarcelona.com\/it\/abitazioni-affitto\/\"},{\"@type\":\"ListItem\",\"position\":3,\"name\":\"Appartamenti in affitto a Poblenou\"}]},{\"@type\":\"WebSite\",\"@id\":\"https:\/\/www.locabarcelona.com\/it\/#website\",\"url\":\"https:\/\/www.locabarcelona.com\/it\/\",\"name\":\"Loca Barcelona\",\"description\":\"Real Estate Services\",\"publisher\":{\"@id\":\"https:\/\/www.locabarcelona.com\/it\/#organization\"},\"potentialAction\":[{\"@type\":\"SearchAction\",\"target\":{\"@type\":\"EntryPoint\",\"urlTemplate\":\"https:\/\/www.locabarcelona.com\/it\/?s={search_term_string}\"},\"query-input\":\"required name=search_term_string\"}],\"inLanguage\":\"it-IT\"},{\"@type\":\"Organization\",\"@id\":\"https:\/\/www.locabarcelona.com\/it\/#organization\",\"name\":\"Loca Barcelona\",\"url\":\"https:\/\/www.locabarcelona.com\/it\/\",\"logo\":{\"@type\":\"ImageObject\",\"inLanguage\":\"it-IT\",\"@id\":\"https:\/\/www.locabarcelona.com\/it\/#\/schema\/logo\/image\/\",\"url\":\"https:\/\/www.locabarcelona.com\/wp-content\/uploads\/2021\/10\/logo_locabarcelona_small.png\",\"contentUrl\":\"https:\/\/www.locabarcelona.com\/wp-content\/uploads\/2021\/10\/logo_locabarcelona_small.png\",\"width\":250,\"height\":149,\"caption\":\"Loca Barcelona\"},\"image\":{\"@id\":\"https:\/\/www.locabarcelona.com\/it\/#\/schema\/logo\/image\/\"}}]}<\/script>\n<!-- \/ Yoast SEO Premium plugin. -->","yoast_head_json":{"title":"Appartamenti in affitto nel quartiere Poblenou di Barcellona | Loca Barcelona","description":"Conosci i vantaggi di affittare un appartamento a Poblenou? Consulta il catalogo di Loca Barcelona per scoprire tutte le offerte e trovare l'alloggio dei tuoi sogni.","robots":{"index":"index","follow":"follow","max-snippet":"max-snippet:-1","max-image-preview":"max-image-preview:large","max-video-preview":"max-video-preview:-1"},"canonical":"https:\/\/www.locabarcelona.com\/it\/abitazioni-affitto\/poblenou\/","og_locale":"it_IT","og_type":"article","og_title":"Appartamenti in affitto nel quartiere Poblenou di Barcellona | Loca Barcelona","og_description":"Conosci i vantaggi di affittare un appartamento a Poblenou? Consulta il catalogo di Loca Barcelona per scoprire tutte le offerte e trovare l'alloggio dei tuoi sogni.","og_url":"https:\/\/www.locabarcelona.com\/it\/abitazioni-affitto\/poblenou\/","og_site_name":"Locabarcelona","article_modified_time":"2026-07-28T10:48:17+00:00","twitter_card":"summary_large_image","twitter_misc":{"Est. reading time":"5 minuti"},"schema":{"@context":"https:\/\/schema.org","@graph":[{"@type":"WebPage","@id":"https:\/\/www.locabarcelona.com\/it\/abitazioni-affitto\/poblenou\/","url":"https:\/\/www.locabarcelona.com\/it\/abitazioni-affitto\/poblenou\/","name":"Appartamenti in affitto nel quartiere Poblenou di Barcellona | Loca Barcelona","isPartOf":{"@id":"https:\/\/www.locabarcelona.com\/it\/#website"},"datePublished":"2022-02-10T10:11:22+00:00","dateModified":"2026-07-28T10:48:17+00:00","description":"Conosci i vantaggi di affittare un appartamento a Poblenou? Consulta il catalogo di Loca Barcelona per scoprire tutte le offerte e trovare l'alloggio dei tuoi sogni.","breadcrumb":{"@id":"https:\/\/www.locabarcelona.com\/it\/abitazioni-affitto\/poblenou\/#breadcrumb"},"inLanguage":"it-IT","potentialAction":[{"@type":"ReadAction","target":["https:\/\/www.locabarcelona.com\/it\/abitazioni-affitto\/poblenou\/"]}]},{"@type":"BreadcrumbList","@id":"https:\/\/www.locabarcelona.com\/it\/abitazioni-affitto\/poblenou\/#breadcrumb","itemListElement":[{"@type":"ListItem","position":1,"name":"Inicio","item":"https:\/\/www.locabarcelona.com\/it\/"},{"@type":"ListItem","position":2,"name":"Agenzia immobiliare Barcellona","item":"https:\/\/www.locabarcelona.com\/it\/abitazioni-affitto\/"},{"@type":"ListItem","position":3,"name":"Appartamenti in affitto a Poblenou"}]},{"@type":"WebSite","@id":"https:\/\/www.locabarcelona.com\/it\/#website","url":"https:\/\/www.locabarcelona.com\/it\/","name":"Loca Barcelona","description":"Real Estate Services","publisher":{"@id":"https:\/\/www.locabarcelona.com\/it\/#organization"},"potentialAction":[{"@type":"SearchAction","target":{"@type":"EntryPoint","urlTemplate":"https:\/\/www.locabarcelona.com\/it\/?s={search_term_string}"},"query-input":"required name=search_term_string"}],"inLanguage":"it-IT"},{"@type":"Organization","@id":"https:\/\/www.locabarcelona.com\/it\/#organization","name":"Loca Barcelona","url":"https:\/\/www.locabarcelona.com\/it\/","logo":{"@type":"ImageObject","inLanguage":"it-IT","@id":"https:\/\/www.locabarcelona.com\/it\/#\/schema\/logo\/image\/","url":"https:\/\/www.locabarcelona.com\/wp-content\/uploads\/2021\/10\/logo_locabarcelona_small.png","contentUrl":"https:\/\/www.locabarcelona.com\/wp-content\/uploads\/2021\/10\/logo_locabarcelona_small.png","width":250,"height":149,"caption":"Loca Barcelona"},"image":{"@id":"https:\/\/www.locabarcelona.com\/it\/#\/schema\/logo\/image\/"}}]}},"_links":{"self":[{"href":"https:\/\/www.locabarcelona.com\/it\/wp-json\/wp\/v2\/pages\/1142333"}],"collection":[{"href":"https:\/\/www.locabarcelona.com\/it\/wp-json\/wp\/v2\/pages"}],"about":[{"href":"https:\/\/www.locabarcelona.com\/it\/wp-json\/wp\/v2\/types\/page"}],"author":[{"embeddable":true,"href":"https:\/\/www.locabarcelona.com\/it\/wp-json\/wp\/v2\/users\/344"}],"replies":[{"embeddable":true,"href":"https:\/\/www.locabarcelona.com\/it\/wp-json\/wp\/v2\/comments?post=1142333"}],"version-history":[{"count":4,"href":"https:\/\/www.locabarcelona.com\/it\/wp-json\/wp\/v2\/pages\/1142333\/revisions"}],"predecessor-version":[{"id":1142338,"href":"https:\/\/www.locabarcelona.com\/it\/wp-json\/wp\/v2\/pages\/1142333\/revisions\/1142338"}],"up":[{"embeddable":true,"href":"https:\/\/www.locabarcelona.com\/it\/wp-json\/wp\/v2\/pages\/1123303"}],"wp:attachment":[{"href":"https:\/\/www.locabarcelona.com\/it\/wp-json\/wp\/v2\/media?parent=1142333"}],"curies":[{"name":"wp","href":"https:\/\/api.w.org\/{rel}","templated":true}]}}