{"id":1142242,"date":"2022-05-03T12:16:53","date_gmt":"2022-05-03T10:16:53","guid":{"rendered":"https:\/\/www.locabarcelona.com\/abitazioni-affitto\/nova-esquerra-eixample\/"},"modified":"2026-07-28T12:38:06","modified_gmt":"2026-07-28T10:38:06","slug":"nova-esquerra-eixample","status":"publish","type":"page","link":"https:\/\/www.locabarcelona.com\/it\/abitazioni-affitto\/nova-esquerra-eixample\/","title":{"rendered":"Appartamenti in affitto alla Nova Esquerra dell&#8217;Eixample"},"content":{"rendered":"\t\t<div data-elementor-type=\"wp-page\" data-elementor-id=\"1142242\" class=\"elementor elementor-1142242 elementor-444548\" data-elementor-post-type=\"page\">\n\t\t\t\t\t\t<section class=\"elementor-section elementor-top-section elementor-element elementor-element-eaa8182 elementor-section-boxed elementor-section-height-default elementor-section-height-default\" data-id=\"eaa8182\" data-element_type=\"section\">\n\t\t\t\t\t\t<div class=\"elementor-container elementor-column-gap-default\">\n\t\t\t\t\t<div class=\"elementor-column elementor-col-100 elementor-top-column elementor-element elementor-element-460772c4\" data-id=\"460772c4\" data-element_type=\"column\">\n\t\t\t<div class=\"elementor-widget-wrap elementor-element-populated\">\n\t\t\t\t\t\t<div class=\"elementor-element elementor-element-1500c1d4 elementor-widget elementor-widget-text-editor\" data-id=\"1500c1d4\" data-element_type=\"widget\" data-widget_type=\"text-editor.default\">\n\t\t\t\t<div class=\"elementor-widget-container\">\n\t\t\t\t\t\t\t<h2>Perch\u00e9 affittare un appartamento alla Nova Esquerra dell&#8217;Eixample?<\/h2><p><strong>L\u2019agenzia immobiliare Loca Barcelona dispone di un&#8217;ampia selezione di appartamenti in affitto nella Nova Esquerra dell&#8217;Eixample<\/strong>. Grazie alla nostra esclusiva selezione, potrai trovare facilmente un <strong>appartamento spazioso e moderno<\/strong> con 2 camere <strong>da letto da affittare a lungo o breve termine.<\/strong> Nell&#8217;Eixample si trovano molti <strong>appartamenti con balcone<\/strong>, considerati tra i pi\u00f9 lussuosi di Barcellona.<\/p><p><strong>\u00c8 la parte pi\u00f9 occidentale del distretto dell&#8217;Eixample<\/strong>. Si tratta, infatti, del nuovo quartiere dell&#8217;Eixample Esquerra, mentre l&#8217;altro quartiere \u00e8 la parte pi\u00f9 antica dell&#8217;Eixample. <strong>Il distretto dell&#8217;Eixample \u00e8 diviso in 6 quartieri<\/strong>: Eixample Dreta, Antiga Esquerra de l&#8217;Eixample, Nova Esquerra dell&#8217;Eixample, Fort Pienc, Sagrada Familia e Sant Antoni. <strong>Questa zona \u00e8 nota per essere residenziale, piacevole e accogliente<\/strong>. Passeggiando qui si pu\u00f2 osservare lo <strong>stile architettonico modernista<\/strong> che caratterizza molti edifici.<\/p><p>La Nova Esquerra dell&#8217;Eixample confina con i distretti di Sant Antoni, Montjuic e Les Corts. Quindi, oltre a far parte dei quartieri centrali di Barcellona, \u00e8 vicino a zone importanti della citt\u00e0. La zona attira anche molti <strong>studenti<\/strong>, poich\u00e9 ospita un gran numero di universit\u00e0 di Barcellona, come la EAE Business School o la Escola Industrial e l&#8217;Instituto Escola del Treball di Barcellona. Inoltre, se desideri studiare in un luogo tranquillo, puoi tranquillamente recarti alla <strong>biblioteca dell&#8217;Esquerra dell&#8217;Eixample<\/strong>, situata nella parte nuova di questo quartiere.<\/p><p>Se viaggi con la tua famiglia, considera che il quartiere dispone di <strong>aree verdi adatte ai bambini piccoli<\/strong>. Uno dei principali parchi del quartiere \u00e8 il <strong>Parco Joan Mir\u00f3<\/strong>. Questo grande parco \u00e8 il luogo ideale per gli abitanti del quartiere per rilassarsi, fare una passeggiata o praticare sport all&#8217;aria aperta. In passato, qui si trovava il macello comunale. Il lato del parco che costeggia via Tarragona \u00e8 rinfrescato da un laghetto. Tra questo parco e Pla\u00e7a Espanya si trova il <strong>centro commerciale Arenas de Barcelona<\/strong> dove \u00e8 possibile fare shopping. L&#8217;antica arena \u00e8 stata trasformata in un centro commerciale nel 2011. L&#8217;Arenas de Barcelona offre una <strong>vista mozzafiato della citt\u00e0<\/strong> dall&#8217;ultimo piano.<\/p><p>Se scegli di affittare un appartamento nella Nova Esquerra dell&#8217;Eixample, sarai vicino al <strong>centro culturale La Model<\/strong>. Questo edificio \u00e8 un&#8217;antica prigione che \u00e8 stata ristrutturata nel 2017 per diventare una sede di mostre e visite guidate al monumento.<\/p><h2>Quali sono i vantaggi di affittare un appartamento nel quartiere Nova Esquerra dell&#8217;Eixample a Barcellona?<\/h2><p><strong>Vivere nel quartiere Nova Esquerra dell&#8217;Eixample significa vivere in una zona residenziale piacevole e centrale<\/strong>. La zona \u00e8 molto <strong>ben servita dai mezzi pubblici<\/strong>, comprese le <strong>linee della metropolitana L5, L3 e L1<\/strong>.<\/p><p>L&#8217;Eixample \u00e8 un quartiere aggiunto a Barcellona molto tempo dopo la fondazione della citt\u00e0. \u00c8 stato l&#8217;architetto e ingegnere Ildefons Cerd a immaginare l&#8217;espansione della citt\u00e0 con la creazione di questo <strong>quartiere a pianta quadrata<\/strong>. La disposizione a griglia facilita lo spostamento da una strada all&#8217;altra. Inoltre, l&#8217;ampiezza delle strade permette l&#8217;ingresso di una notevole quantit\u00e0 di luce solare.<\/p><p>\u00c8 importante sapere che la Nova Esquerra si trova a breve distanza dalla <strong>stazione ferroviaria di Sants<\/strong>. Questa stazione ferroviaria gestisce la maggior parte delle partenze internazionali, ma anche quelle all\u2019interno del paese.<\/p><p>Se sei convinto che il quartiere Nova Esquerra dell&#8217;Eixample sia una zona che potrebbe interessarti per affittare un appartamento a Barcellona, <a href=\"https:\/\/www.locabarcelona.com\/it\/su-di-noi\/contattaci\/\">non esitare a contattare i nostri esperti<\/a>!<\/p>\t\t\t\t\t\t<\/div>\n\t\t\t\t<\/div>\n\t\t\t\t<div class=\"elementor-element elementor-element-3cd789d elementor-widget elementor-widget-spacer\" data-id=\"3cd789d\" data-element_type=\"widget\" data-widget_type=\"spacer.default\">\n\t\t\t\t<div class=\"elementor-widget-container\">\n\t\t\t\t\t<div class=\"elementor-spacer\">\n\t\t\t<div class=\"elementor-spacer-inner\"><\/div>\n\t\t<\/div>\n\t\t\t\t<\/div>\n\t\t\t\t<\/div>\n\t\t\t\t\t<\/div>\n\t\t<\/div>\n\t\t\t\t\t<\/div>\n\t\t<\/section>\n\t\t\t\t<section class=\"elementor-section elementor-top-section elementor-element elementor-element-2e43a70 elementor-section-boxed elementor-section-height-default elementor-section-height-default\" data-id=\"2e43a70\" data-element_type=\"section\">\n\t\t\t\t\t\t<div class=\"elementor-container elementor-column-gap-default\">\n\t\t\t\t\t<div class=\"elementor-column elementor-col-100 elementor-top-column elementor-element elementor-element-23feacf\" data-id=\"23feacf\" data-element_type=\"column\">\n\t\t\t<div class=\"elementor-widget-wrap elementor-element-populated\">\n\t\t\t\t\t\t<div class=\"elementor-element elementor-element-a370c96 elementor-widget elementor-widget-heading\" data-id=\"a370c96\" data-element_type=\"widget\" data-widget_type=\"heading.default\">\n\t\t\t\t<div class=\"elementor-widget-container\">\n\t\t\t<h2 class=\"elementor-heading-title elementor-size-default\">Ricerche frequenti:<\/h2>\t\t<\/div>\n\t\t\t\t<\/div>\n\t\t\t\t\t<\/div>\n\t\t<\/div>\n\t\t\t\t\t<\/div>\n\t\t<\/section>\n\t\t\t\t<section class=\"elementor-section elementor-top-section elementor-element elementor-element-77348b60 elementor-section-boxed elementor-section-height-default elementor-section-height-default\" data-id=\"77348b60\" data-element_type=\"section\">\n\t\t\t\t\t\t<div class=\"elementor-container elementor-column-gap-default\">\n\t\t\t\t\t<div class=\"elementor-column elementor-col-50 elementor-top-column elementor-element elementor-element-3ac6694e\" data-id=\"3ac6694e\" data-element_type=\"column\">\n\t\t\t<div class=\"elementor-widget-wrap elementor-element-populated\">\n\t\t\t\t\t\t<div class=\"elementor-element elementor-element-38f73d37 elementor-widget elementor-widget-text-editor\" data-id=\"38f73d37\" data-element_type=\"widget\" data-widget_type=\"text-editor.default\">\n\t\t\t\t<div class=\"elementor-widget-container\">\n\t\t\t\t\t\t\t<p><a href=\"https:\/\/www.locabarcelona.com\/it\/abitazioni-affitto\/alloggi-studenti\/\">Appartamenti per studenti<\/a><\/p><p><a href=\"https:\/\/www.locabarcelona.com\/it\/abitazioni-affitto\/appartamenti-condivisi\/\">Appartamenti condivisi<\/a><\/p><p><a href=\"https:\/\/www.locabarcelona.com\/it\/property-status\/affitto-turistico\/\">Appartamenti turistici<\/a><\/p><p><a href=\"https:\/\/www.locabarcelona.com\/it\/property-feature\/caratteristiche\/ammobiliati\/\">Appartamenti ammobiliati in affitto<\/a><\/p><p><a href=\"https:\/\/www.locabarcelona.com\/it\/abitazioni-affitto\/affitto-monolocali\/\">Monolocali in affitto<\/a><\/p>\t\t\t\t\t\t<\/div>\n\t\t\t\t<\/div>\n\t\t\t\t\t<\/div>\n\t\t<\/div>\n\t\t\t\t<div class=\"elementor-column elementor-col-50 elementor-top-column elementor-element elementor-element-4e1653ec\" data-id=\"4e1653ec\" data-element_type=\"column\">\n\t\t\t<div class=\"elementor-widget-wrap elementor-element-populated\">\n\t\t\t\t\t\t<div class=\"elementor-element elementor-element-2152c30e elementor-widget elementor-widget-text-editor\" data-id=\"2152c30e\" data-element_type=\"widget\" data-widget_type=\"text-editor.default\">\n\t\t\t\t<div class=\"elementor-widget-container\">\n\t\t\t\t\t\t\t<p><a href=\"https:\/\/www.locabarcelona.com\/it\/abitazioni-affitto\/con-terrazzo\/\">Appartamenti con terrazza<\/a><\/p><p><a href=\"https:\/\/www.locabarcelona.com\/it\/abitazioni-affitto\/attico-barcellona\/\">Attici<\/a><\/p><p><a href=\"https:\/\/www.locabarcelona.com\/it\/abitazioni-affitto\/2-camere\/\"><span style=\"font-weight: 400;\">Appartamenti con 2 camere da letto<\/span><\/a><\/p><p><a href=\"https:\/\/www.locabarcelona.com\/it\/abitazioni-affitto\/3-camere\/\">Appartamenti con 3 camere da letto<\/a><\/p><p><a href=\"https:\/\/www.locabarcelona.com\/it\/abitazioni-affitto\/4-camere\/\">Appartamento con 4 camere da letto<\/a><\/p>\t\t\t\t\t\t<\/div>\n\t\t\t\t<\/div>\n\t\t\t\t\t<\/div>\n\t\t<\/div>\n\t\t\t\t\t<\/div>\n\t\t<\/section>\n\t\t\t\t<section class=\"elementor-section elementor-top-section elementor-element elementor-element-17f43568 elementor-section-boxed elementor-section-height-default elementor-section-height-default\" data-id=\"17f43568\" data-element_type=\"section\">\n\t\t\t\t\t\t<div class=\"elementor-container elementor-column-gap-default\">\n\t\t\t\t\t<div class=\"elementor-column elementor-col-100 elementor-top-column elementor-element elementor-element-47132ced\" data-id=\"47132ced\" data-element_type=\"column\">\n\t\t\t<div class=\"elementor-widget-wrap elementor-element-populated\">\n\t\t\t\t\t\t<div class=\"elementor-element elementor-element-11752b65 elementor-widget elementor-widget-heading\" data-id=\"11752b65\" data-element_type=\"widget\" data-widget_type=\"heading.default\">\n\t\t\t\t<div class=\"elementor-widget-container\">\n\t\t\t<h2 class=\"elementor-heading-title elementor-size-default\">Appartamenti in affitto suddivisi per distretti<\/h2>\t\t<\/div>\n\t\t\t\t<\/div>\n\t\t\t\t\t<\/div>\n\t\t<\/div>\n\t\t\t\t\t<\/div>\n\t\t<\/section>\n\t\t\t\t<section class=\"elementor-section elementor-top-section elementor-element elementor-element-56b594c8 elementor-section-boxed elementor-section-height-default elementor-section-height-default\" data-id=\"56b594c8\" data-element_type=\"section\">\n\t\t\t\t\t\t<div class=\"elementor-container elementor-column-gap-default\">\n\t\t\t\t\t<div class=\"elementor-column elementor-col-50 elementor-top-column elementor-element elementor-element-2f4d58f1\" data-id=\"2f4d58f1\" data-element_type=\"column\">\n\t\t\t<div class=\"elementor-widget-wrap elementor-element-populated\">\n\t\t\t\t\t\t<div class=\"elementor-element elementor-element-4a8a54c6 elementor-widget elementor-widget-global elementor-global-446206 elementor-widget-text-editor\" data-id=\"4a8a54c6\" data-element_type=\"widget\" data-widget_type=\"text-editor.default\">\n\t\t\t\t<div class=\"elementor-widget-container\">\n\t\t\t\t\t\t\t<p><span style=\"font-weight: 400;\"><a href=\"https:\/\/www.locabarcelona.com\/it\/abitazioni-affitto\/eixample\/\">Appartamenti in affitto all&#8217;Eixample<\/a><br \/><\/span><span style=\"font-weight: 400;\"><a href=\"https:\/\/www.locabarcelona.com\/it\/abitazioni-affitto\/eixample-dreta\/\">Appartamenti in affitto a Dreta dell\u2019Eixample<\/a>\u00a0<br \/><\/span><span style=\"font-weight: 400;\"><a href=\"https:\/\/www.locabarcelona.com\/it\/abitazioni-affitto\/antiga-esquerra-eixample\/\">Appartamenti in affitto all\u2019Antiga Esquerra dell&#8217;Eixample<\/a><br \/><\/span><a href=\"https:\/\/www.locabarcelona.com\/it\/abitazioni-affitto\/nova-esquerra-eixample\/\">Appartamenti in affitto alla Nova Esquerra dell&#8217;Eixample<\/a><br \/><span style=\"font-weight: 400;\"><a href=\"https:\/\/www.locabarcelona.com\/it\/abitazioni-affitto\/fort-pienc\/\">Appartamenti in affitto a Fort Pienc<\/a><br \/><\/span><span style=\"font-weight: 400;\"><a href=\"https:\/\/www.locabarcelona.com\/it\/abitazioni-affitto\/eixample\/sagrada-familia\/\">Appartamenti in affitto alla Sagrada Familia<\/a><br \/><\/span><span style=\"font-weight: 400;\"><a href=\"https:\/\/www.locabarcelona.com\/it\/abitazioni-affitto\/eixample\/sant-antoni\/\">Appartamenti in affitto a Sant Antoni<\/a><br \/><\/span><span style=\"font-weight: 400;\"><a href=\"https:\/\/www.locabarcelona.com\/it\/abitazioni-affitto\/ciutat-vella\/\">Appartamenti in affitto a Ciutat Vella<\/a><br \/><\/span><span style=\"font-weight: 400;\"><a href=\"https:\/\/www.locabarcelona.com\/it\/abitazioni-affitto\/gotico\/\">Appartamenti in affitto nel Quartiere Gotico<\/a><br \/><\/span><span style=\"font-weight: 400;\"><a href=\"https:\/\/www.locabarcelona.com\/it\/abitazioni-affitto\/raval\/\">Appartamenti in affitto a El Raval<\/a><br \/><\/span><span style=\"font-weight: 400;\"><a href=\"https:\/\/www.locabarcelona.com\/it\/abitazioni-affitto\/el-born\/\">Appartamenti in affitto a El Born<\/a><br \/><\/span><span style=\"font-weight: 400;\"><a href=\"https:\/\/www.locabarcelona.com\/it\/abitazioni-affitto\/barceloneta\/\">Appartamenti in affitto alla Barceloneta<\/a><br \/><\/span><span style=\"font-weight: 400;\"><a href=\"https:\/\/www.locabarcelona.com\/it\/abitazioni-affitto\/sants-montjuic\/\">Appartamenti in affitto a Sants-Montjuic<\/a><br \/><\/span><span style=\"font-weight: 400;\"><a href=\"https:\/\/www.locabarcelona.com\/it\/abitazioni-affitto\/poble-sec\/\">Appartamenti in affitto a Poble Sec<\/a><br \/><\/span><span style=\"font-weight: 400;\"><a href=\"https:\/\/www.locabarcelona.com\/it\/abitazioni-affitto\/sants\/\">Appartamenti in affitto a Sants<\/a><br \/><\/span><span style=\"font-weight: 400;\"><a href=\"https:\/\/www.locabarcelona.com\/it\/abitazioni-affitto\/el-putxet-i-farro\/\">Appartamenti in affitto a El Putxet i Farr\u00f3<\/a><br \/><\/span><span style=\"font-weight: 400;\"><a href=\"https:\/\/www.locabarcelona.com\/it\/abitazioni-affitto\/las-tres-torres\/\">Appartamenti in affitto a Las Tres Torres<\/a><br \/><\/span><a href=\"https:\/\/www.locabarcelona.com\/it\/abitazioni-affitto\/montjuic\/\"><span style=\"font-weight: 400;\">Appartamenti in affitto a Montjuic<\/span><\/a><\/p>\t\t\t\t\t\t<\/div>\n\t\t\t\t<\/div>\n\t\t\t\t\t<\/div>\n\t\t<\/div>\n\t\t\t\t<div class=\"elementor-column elementor-col-50 elementor-top-column elementor-element elementor-element-14633096\" data-id=\"14633096\" data-element_type=\"column\">\n\t\t\t<div class=\"elementor-widget-wrap elementor-element-populated\">\n\t\t\t\t\t\t<div class=\"elementor-element elementor-element-723e7acd elementor-widget elementor-widget-global elementor-global-446210 elementor-widget-text-editor\" data-id=\"723e7acd\" data-element_type=\"widget\" data-widget_type=\"text-editor.default\">\n\t\t\t\t<div class=\"elementor-widget-container\">\n\t\t\t\t\t\t\t<p><span style=\"font-weight: 400;\"><a href=\"https:\/\/www.locabarcelona.com\/it\/abitazioni-affitto\/les-corts\/\">Appartamenti in affitto a Les Corts<\/a><br \/><\/span><span style=\"font-weight: 400;\"><a href=\"https:\/\/www.locabarcelona.com\/it\/abitazioni-affitto\/pedralbes\/\">Appartamenti in affitto a Pedralbes<\/a><br \/><\/span><span style=\"font-weight: 400;\"><a href=\"https:\/\/www.locabarcelona.com\/it\/abitazioni-affitto\/sarria-sant-gervasi\/\">Appartamenti in affitto a Sarria Sant Gervasi<\/a><br \/><\/span><span style=\"font-weight: 400;\"><a href=\"https:\/\/www.locabarcelona.com\/it\/abitazioni-affitto\/sarria\/\">Appartamenti in affitto a Sarria<\/a><br \/><\/span><span style=\"font-weight: 400;\"><a href=\"https:\/\/www.locabarcelona.com\/it\/abitazioni-affitto\/gracia\/\">Appartamenti in affitto a Gracia<\/a><br \/><\/span><span style=\"font-weight: 400;\"><a href=\"https:\/\/www.locabarcelona.com\/it\/abitazioni-affitto\/vila-de-gracia\/\">Appartamenti in affitto a Vila de Gr\u00e0cia<\/a><br \/><\/span><span style=\"font-weight: 400;\"><a href=\"https:\/\/www.locabarcelona.com\/it\/abitazioni-affitto\/horta-guinardo\/\">Appartamenti in affitto a Horta-Guinardo<\/a><br \/><\/span><span style=\"font-weight: 400;\"><a href=\"https:\/\/www.locabarcelona.com\/it\/abitazioni-affitto\/nou-barris\/\">Appartamenti in affitto a Nou Barris<\/a><br \/><\/span><span style=\"font-weight: 400;\"><a href=\"https:\/\/www.locabarcelona.com\/it\/abitazioni-affitto\/sant-andreu\/\">Appartamenti in affitto a Sant Andreu<\/a><br \/><\/span><span style=\"font-weight: 400;\"><a href=\"https:\/\/www.locabarcelona.com\/it\/abitazioni-affitto\/sant-marti\/\">Appartamenti in affitto a Sant Mart\u00ed<\/a><br \/><\/span><span style=\"font-weight: 400;\"><a href=\"https:\/\/www.locabarcelona.com\/it\/abitazioni-affitto\/el-clot\/\">Appartamenti in affitto a El Clot<\/a><br \/><\/span><span style=\"font-weight: 400;\"><a href=\"https:\/\/www.locabarcelona.com\/it\/abitazioni-affitto\/vila-olimpica-del-poblenou\/\">Appartamenti a La vila ol\u00edmpica del Poblenou<\/a><br \/><\/span><span style=\"font-weight: 400;\"><a href=\"https:\/\/www.locabarcelona.com\/it\/abitazioni-affitto\/poblenou\/\">Appartamenti in affitto a Poblenou<\/a><br \/><\/span><span style=\"font-weight: 400;\"><a href=\"https:\/\/www.locabarcelona.com\/it\/abitazioni-affitto\/diagonal-mar\/\">Appartamenti in affitto a Diagonal Mar<\/a><br \/><\/span><span style=\"font-weight: 400;\"><a href=\"https:\/\/www.locabarcelona.com\/it\/abitazioni-affitto\/sant-gervasi-la-bonanova\/\">Appartamenti in affitto a Sant Gervasi &#8211; la Bonanova<\/a><br \/><\/span><span style=\"font-weight: 400;\"><a href=\"https:\/\/www.locabarcelona.com\/it\/abitazioni-affitto\/sant-gervasi-galvany\/\">Appartamenti in affitto a Sant Gervasi Galvany<\/a><br \/><\/span><span style=\"font-weight: 400;\"><a href=\"https:\/\/www.locabarcelona.com\/it\/abitazioni-affitto\/zona-franca\/\">Appartamenti in affitto a Zona Franca<\/a><br \/><\/span><a href=\"https:\/\/www.locabarcelona.com\/it\/abitazioni-affitto\/sants-badal\/\"><span style=\"font-weight: 400;\">Appartamenti in affitto a Sants-Badal<\/span><\/a><\/p>\t\t\t\t\t\t<\/div>\n\t\t\t\t<\/div>\n\t\t\t\t\t<\/div>\n\t\t<\/div>\n\t\t\t\t\t<\/div>\n\t\t<\/section>\n\t\t\t\t<\/div>\n\t\t","protected":false},"excerpt":{"rendered":"<p>Perch\u00e9 affittare un appartamento alla Nova Esquerra dell&#8217;Eixample? L\u2019agenzia immobiliare Loca Barcelona dispone di un&#8217;ampia selezione di appartamenti in affitto nella Nova Esquerra dell&#8217;Eixample. Grazie alla nostra esclusiva selezione, potrai trovare facilmente un appartamento spazioso e moderno con 2 camere da letto da affittare a lungo o breve termine. Nell&#8217;Eixample si trovano molti appartamenti con&#8230;<\/p>\n","protected":false},"author":344,"featured_media":0,"parent":1123303,"menu_order":0,"comment_status":"closed","ping_status":"closed","template":"templates\/list-layout.php","meta":{"inline_featured_image":false,"footnotes":""},"yoast_head":"<!-- This site is optimized with the Yoast SEO Premium plugin v22.6 (Yoast SEO v22.6) - https:\/\/yoast.com\/wordpress\/plugins\/seo\/ -->\n<title>Appartamenti in affitto alla Nova Esquerra dell&#039;Eixample a Barcellona | Loca Barcelona<\/title>\n<meta name=\"description\" content=\"Se cerchi un appartamento in affitto a Barcellona, Loca Barcelona sa come aiutarti! Consulta tutte le nostre offerte di alloggi alla Nova Esquerra dell&#039;Eixample.\" \/>\n<meta name=\"robots\" content=\"index, follow, max-snippet:-1, max-image-preview:large, max-video-preview:-1\" \/>\n<link rel=\"canonical\" href=\"https:\/\/www.locabarcelona.com\/it\/abitazioni-affitto\/nova-esquerra-eixample\/\" \/>\n<meta property=\"og:locale\" content=\"it_IT\" \/>\n<meta property=\"og:type\" content=\"article\" \/>\n<meta property=\"og:title\" content=\"Appartamenti in affitto alla Nova Esquerra dell&#039;Eixample a Barcellona | Loca Barcelona\" \/>\n<meta property=\"og:description\" content=\"Se cerchi un appartamento in affitto a Barcellona, Loca Barcelona sa come aiutarti! Consulta tutte le nostre offerte di alloggi alla Nova Esquerra dell&#039;Eixample.\" \/>\n<meta property=\"og:url\" content=\"https:\/\/www.locabarcelona.com\/it\/abitazioni-affitto\/nova-esquerra-eixample\/\" \/>\n<meta property=\"og:site_name\" content=\"Locabarcelona\" \/>\n<meta property=\"article:modified_time\" content=\"2026-07-28T10:38:06+00:00\" \/>\n<meta name=\"twitter:card\" content=\"summary_large_image\" \/>\n<meta name=\"twitter:label1\" content=\"Est. reading time\" \/>\n\t<meta name=\"twitter:data1\" content=\"5 minuti\" \/>\n<script type=\"application\/ld+json\" class=\"yoast-schema-graph\">{\"@context\":\"https:\/\/schema.org\",\"@graph\":[{\"@type\":\"WebPage\",\"@id\":\"https:\/\/www.locabarcelona.com\/it\/abitazioni-affitto\/nova-esquerra-eixample\/\",\"url\":\"https:\/\/www.locabarcelona.com\/it\/abitazioni-affitto\/nova-esquerra-eixample\/\",\"name\":\"Appartamenti in affitto alla Nova Esquerra dell'Eixample a Barcellona | Loca Barcelona\",\"isPartOf\":{\"@id\":\"https:\/\/www.locabarcelona.com\/it\/#website\"},\"datePublished\":\"2022-05-03T10:16:53+00:00\",\"dateModified\":\"2026-07-28T10:38:06+00:00\",\"description\":\"Se cerchi un appartamento in affitto a Barcellona, Loca Barcelona sa come aiutarti! Consulta tutte le nostre offerte di alloggi alla Nova Esquerra dell'Eixample.\",\"breadcrumb\":{\"@id\":\"https:\/\/www.locabarcelona.com\/it\/abitazioni-affitto\/nova-esquerra-eixample\/#breadcrumb\"},\"inLanguage\":\"it-IT\",\"potentialAction\":[{\"@type\":\"ReadAction\",\"target\":[\"https:\/\/www.locabarcelona.com\/it\/abitazioni-affitto\/nova-esquerra-eixample\/\"]}]},{\"@type\":\"BreadcrumbList\",\"@id\":\"https:\/\/www.locabarcelona.com\/it\/abitazioni-affitto\/nova-esquerra-eixample\/#breadcrumb\",\"itemListElement\":[{\"@type\":\"ListItem\",\"position\":1,\"name\":\"Inicio\",\"item\":\"https:\/\/www.locabarcelona.com\/it\/\"},{\"@type\":\"ListItem\",\"position\":2,\"name\":\"Agenzia immobiliare Barcellona\",\"item\":\"https:\/\/www.locabarcelona.com\/it\/abitazioni-affitto\/\"},{\"@type\":\"ListItem\",\"position\":3,\"name\":\"Appartamenti in affitto alla Nova Esquerra dell&#8217;Eixample\"}]},{\"@type\":\"WebSite\",\"@id\":\"https:\/\/www.locabarcelona.com\/it\/#website\",\"url\":\"https:\/\/www.locabarcelona.com\/it\/\",\"name\":\"Loca Barcelona\",\"description\":\"Real Estate Services\",\"publisher\":{\"@id\":\"https:\/\/www.locabarcelona.com\/it\/#organization\"},\"potentialAction\":[{\"@type\":\"SearchAction\",\"target\":{\"@type\":\"EntryPoint\",\"urlTemplate\":\"https:\/\/www.locabarcelona.com\/it\/?s={search_term_string}\"},\"query-input\":\"required name=search_term_string\"}],\"inLanguage\":\"it-IT\"},{\"@type\":\"Organization\",\"@id\":\"https:\/\/www.locabarcelona.com\/it\/#organization\",\"name\":\"Loca Barcelona\",\"url\":\"https:\/\/www.locabarcelona.com\/it\/\",\"logo\":{\"@type\":\"ImageObject\",\"inLanguage\":\"it-IT\",\"@id\":\"https:\/\/www.locabarcelona.com\/it\/#\/schema\/logo\/image\/\",\"url\":\"https:\/\/www.locabarcelona.com\/wp-content\/uploads\/2021\/10\/logo_locabarcelona_small.png\",\"contentUrl\":\"https:\/\/www.locabarcelona.com\/wp-content\/uploads\/2021\/10\/logo_locabarcelona_small.png\",\"width\":250,\"height\":149,\"caption\":\"Loca Barcelona\"},\"image\":{\"@id\":\"https:\/\/www.locabarcelona.com\/it\/#\/schema\/logo\/image\/\"}}]}<\/script>\n<!-- \/ Yoast SEO Premium plugin. -->","yoast_head_json":{"title":"Appartamenti in affitto alla Nova Esquerra dell'Eixample a Barcellona | Loca Barcelona","description":"Se cerchi un appartamento in affitto a Barcellona, Loca Barcelona sa come aiutarti! Consulta tutte le nostre offerte di alloggi alla Nova Esquerra dell'Eixample.","robots":{"index":"index","follow":"follow","max-snippet":"max-snippet:-1","max-image-preview":"max-image-preview:large","max-video-preview":"max-video-preview:-1"},"canonical":"https:\/\/www.locabarcelona.com\/it\/abitazioni-affitto\/nova-esquerra-eixample\/","og_locale":"it_IT","og_type":"article","og_title":"Appartamenti in affitto alla Nova Esquerra dell'Eixample a Barcellona | Loca Barcelona","og_description":"Se cerchi un appartamento in affitto a Barcellona, Loca Barcelona sa come aiutarti! Consulta tutte le nostre offerte di alloggi alla Nova Esquerra dell'Eixample.","og_url":"https:\/\/www.locabarcelona.com\/it\/abitazioni-affitto\/nova-esquerra-eixample\/","og_site_name":"Locabarcelona","article_modified_time":"2026-07-28T10:38:06+00:00","twitter_card":"summary_large_image","twitter_misc":{"Est. reading time":"5 minuti"},"schema":{"@context":"https:\/\/schema.org","@graph":[{"@type":"WebPage","@id":"https:\/\/www.locabarcelona.com\/it\/abitazioni-affitto\/nova-esquerra-eixample\/","url":"https:\/\/www.locabarcelona.com\/it\/abitazioni-affitto\/nova-esquerra-eixample\/","name":"Appartamenti in affitto alla Nova Esquerra dell'Eixample a Barcellona | Loca Barcelona","isPartOf":{"@id":"https:\/\/www.locabarcelona.com\/it\/#website"},"datePublished":"2022-05-03T10:16:53+00:00","dateModified":"2026-07-28T10:38:06+00:00","description":"Se cerchi un appartamento in affitto a Barcellona, Loca Barcelona sa come aiutarti! Consulta tutte le nostre offerte di alloggi alla Nova Esquerra dell'Eixample.","breadcrumb":{"@id":"https:\/\/www.locabarcelona.com\/it\/abitazioni-affitto\/nova-esquerra-eixample\/#breadcrumb"},"inLanguage":"it-IT","potentialAction":[{"@type":"ReadAction","target":["https:\/\/www.locabarcelona.com\/it\/abitazioni-affitto\/nova-esquerra-eixample\/"]}]},{"@type":"BreadcrumbList","@id":"https:\/\/www.locabarcelona.com\/it\/abitazioni-affitto\/nova-esquerra-eixample\/#breadcrumb","itemListElement":[{"@type":"ListItem","position":1,"name":"Inicio","item":"https:\/\/www.locabarcelona.com\/it\/"},{"@type":"ListItem","position":2,"name":"Agenzia immobiliare Barcellona","item":"https:\/\/www.locabarcelona.com\/it\/abitazioni-affitto\/"},{"@type":"ListItem","position":3,"name":"Appartamenti in affitto alla Nova Esquerra dell&#8217;Eixample"}]},{"@type":"WebSite","@id":"https:\/\/www.locabarcelona.com\/it\/#website","url":"https:\/\/www.locabarcelona.com\/it\/","name":"Loca Barcelona","description":"Real Estate Services","publisher":{"@id":"https:\/\/www.locabarcelona.com\/it\/#organization"},"potentialAction":[{"@type":"SearchAction","target":{"@type":"EntryPoint","urlTemplate":"https:\/\/www.locabarcelona.com\/it\/?s={search_term_string}"},"query-input":"required name=search_term_string"}],"inLanguage":"it-IT"},{"@type":"Organization","@id":"https:\/\/www.locabarcelona.com\/it\/#organization","name":"Loca Barcelona","url":"https:\/\/www.locabarcelona.com\/it\/","logo":{"@type":"ImageObject","inLanguage":"it-IT","@id":"https:\/\/www.locabarcelona.com\/it\/#\/schema\/logo\/image\/","url":"https:\/\/www.locabarcelona.com\/wp-content\/uploads\/2021\/10\/logo_locabarcelona_small.png","contentUrl":"https:\/\/www.locabarcelona.com\/wp-content\/uploads\/2021\/10\/logo_locabarcelona_small.png","width":250,"height":149,"caption":"Loca Barcelona"},"image":{"@id":"https:\/\/www.locabarcelona.com\/it\/#\/schema\/logo\/image\/"}}]}},"_links":{"self":[{"href":"https:\/\/www.locabarcelona.com\/it\/wp-json\/wp\/v2\/pages\/1142242"}],"collection":[{"href":"https:\/\/www.locabarcelona.com\/it\/wp-json\/wp\/v2\/pages"}],"about":[{"href":"https:\/\/www.locabarcelona.com\/it\/wp-json\/wp\/v2\/types\/page"}],"author":[{"embeddable":true,"href":"https:\/\/www.locabarcelona.com\/it\/wp-json\/wp\/v2\/users\/344"}],"replies":[{"embeddable":true,"href":"https:\/\/www.locabarcelona.com\/it\/wp-json\/wp\/v2\/comments?post=1142242"}],"version-history":[{"count":4,"href":"https:\/\/www.locabarcelona.com\/it\/wp-json\/wp\/v2\/pages\/1142242\/revisions"}],"predecessor-version":[{"id":1142332,"href":"https:\/\/www.locabarcelona.com\/it\/wp-json\/wp\/v2\/pages\/1142242\/revisions\/1142332"}],"up":[{"embeddable":true,"href":"https:\/\/www.locabarcelona.com\/it\/wp-json\/wp\/v2\/pages\/1123303"}],"wp:attachment":[{"href":"https:\/\/www.locabarcelona.com\/it\/wp-json\/wp\/v2\/media?parent=1142242"}],"curies":[{"name":"wp","href":"https:\/\/api.w.org\/{rel}","templated":true}]}}