{"id":1140298,"date":"2022-05-03T12:06:38","date_gmt":"2022-05-03T10:06:38","guid":{"rendered":"https:\/\/www.locabarcelona.com\/abitazioni-affitto\/raval\/"},"modified":"2026-07-27T13:17:00","modified_gmt":"2026-07-27T11:17:00","slug":"raval","status":"publish","type":"page","link":"https:\/\/www.locabarcelona.com\/it\/abitazioni-affitto\/raval\/","title":{"rendered":"Appartamenti in affitto a El Raval"},"content":{"rendered":"\t\t<div data-elementor-type=\"wp-page\" data-elementor-id=\"1140298\" class=\"elementor elementor-1140298 elementor-444569\" data-elementor-post-type=\"page\">\n\t\t\t\t\t\t<section class=\"elementor-section elementor-top-section elementor-element elementor-element-36ff5574 elementor-section-boxed elementor-section-height-default elementor-section-height-default\" data-id=\"36ff5574\" data-element_type=\"section\">\n\t\t\t\t\t\t<div class=\"elementor-container elementor-column-gap-default\">\n\t\t\t\t\t<div class=\"elementor-column elementor-col-100 elementor-top-column elementor-element elementor-element-2a4d5416\" data-id=\"2a4d5416\" data-element_type=\"column\">\n\t\t\t<div class=\"elementor-widget-wrap elementor-element-populated\">\n\t\t\t\t\t\t<div class=\"elementor-element elementor-element-46c0c2f5 elementor-widget elementor-widget-text-editor\" data-id=\"46c0c2f5\" data-element_type=\"widget\" data-widget_type=\"text-editor.default\">\n\t\t\t\t<div class=\"elementor-widget-container\">\n\t\t\t\t\t\t\t<h2>Perch\u00e9 affittare un appartamento a El Raval?<\/h2><p>Loca Barcelona offre una <strong>selezione unica di appartamenti in affitto nel quartiere del Raval<\/strong>, ad esempio alloggi con 2 camere da letto, per lunghi o brevi periodi. Gli appartamenti nel quartiere del Raval hanno conservato la loro <strong>autenticit\u00e0<\/strong> pur essendo stati modernizzati. Gli edifici di questo quartiere hanno solitamente <strong>balcon<\/strong>i o <strong>cortili<\/strong> e presentano un&#8217;<strong>architettura tipica di Barcellona<\/strong>. Se l&#8217;atmosfera e la <strong>posizione centrale<\/strong> di questa zona ti attraggono, dai un&#8217;occhiata al nostro elenco di appartamenti in affitto nel Raval!<\/p><p>Il quartiere del Raval \u00e8 ricco di storia ed \u00e8 stato recentemente rinnovato per offrire un <strong>mix perfetto di autenticit\u00e0 e modernit\u00e0<\/strong>. Il quartiere si trova ai piedi del famoso <strong>viale delle Ramblas<\/strong>, che condivide con il Quartiere Gotico. El Raval \u00e8 anche vicino al quartiere di Montjuic. Proprio nel centro della citt\u00e0, il quartiere del Raval \u00e8 costituito da stradine strette dove \u00e8 piacevole passeggiare per scoprire l&#8217;<strong>atmosfera cosmopolita<\/strong> del quartiere.<\/p><p>Spesso considerato la parte \u201cpericolosa\u201d e popolare della citt\u00e0, <strong>El Raval ha subito grandi cambiamenti negli ultimi anni<\/strong>. Sempre pi\u00f9 turisti vengono a passeggiare per le sue strade e sono stati aperti molti hotel di alta qualit\u00e0. Inoltre, la recente metamorfosi del quartiere ha dato il via a <strong>buone offerte di appartamenti in affitto<\/strong>.<\/p><p>El Raval \u00e8 una zona molto vivace con una grande variet\u00e0 di attrazioni turistiche e <strong>locali notturni<\/strong>. Offre un&#8217;esperienza diversa e pi\u00f9 autentica rispetto ad altre zone. In passato, questo quartiere risultava sovrappopolato, fino a quando non \u00e8 stao costruito il quartiere Eixample. <strong>La citt\u00e0 di Barcellona ha investito molto nella ristrutturazione di questa zona per renderla pi\u00f9 sicura e moderna<\/strong>. Vivere in questo quartiere significa vivere nel cuore della citt\u00e0 di Barcellona, in una zona vivace e storica.<\/p><p>Se ti piace fare shopping, El Raval offre <strong>negozi unici e indipendenti<\/strong> dove potrai trovare bellissimi gioielli o abiti originali che non troverai da nessun&#8217;altra parte. Non importa a che ora del giorno passeggi nella zona, troverai sempre un posto aperto dove comprare da mangiare. Si tratta anche del quartiere con i <strong>mercati pi\u00f9 famosi di Barcellona<\/strong>. Infatti, il <strong>Mercat de la Boqueria<\/strong>, situato sulle Ramblas, e il <strong>Mercat de Sant Antoni<\/strong> sono tappe obbligatorie nel quartiere del Raval per assaggiare le specialit\u00e0 culinarie catalane.<\/p><p>Per le visite culturali, puoi visitare il <strong>museo MACBA<\/strong>, situato accanto al Mercat de la Boquer\u00eda, il museo di arte contemporanea di Barcellona. Le diverse collezioni del museo e l&#8217;architettura dell&#8217;edificio meritano una visita. Un altro luogo da non perdere nel Raval \u00e8 il P<strong>alazzo G\u00fcell<\/strong>. Progettato dal grande Antoni Gaud\u00ed, il Palazzo G\u00fcell \u00e8 un edificio imponente dichiarato Patrimonio dell&#8217;Umanit\u00e0 dall&#8217;UNESCO.<\/p><h2>Quali sono i vantaggi di affittare un appartamento nel quartiere El Raval di Barcellona?<\/h2><p>Grazie alle recenti ristrutturazioni, il quartiere del Raval presenta un interessante mix tra il suo passato popolare e la sua recente modernizzazione. <strong>Ora \u00e8 un quartiere vivace e culturale con diverse classi sociali<\/strong>. La zona \u00e8 molto piacevole se ti piace passeggiare per le strade del centro citt\u00e0. Ci sono molti posti dove uscire di giorno e di notte, oltre a negozi di seconda mano e mostre.<\/p><p><strong>La Rambla del Raval<\/strong> \u00e8 la principale strada pedonale del quartiere, dove \u00e8 possibile passeggiare, soprattutto durante i fine settimana, per prendere un caff\u00e8 e mangiare in terrazza. In questa strada si trova la famosa scultura del gatto, <strong>El Gat de Botero<\/strong>, che \u00e8 una delle attrazioni principali del quartiere.<\/p><p>Se scegli di affittare un appartamento nel Raval, ti troverai in una zona con <strong>alloggi a prezzi accessibili e allo stesso tempo vivrai nel centro di Barcellona<\/strong>. Ti abbiamo convinto dei vantaggi di vivere nel quartiere pi\u00f9 autentico di Barcellona? <a href=\"https:\/\/www.locabarcelona.com\/it\/su-di-noi\/contattaci\/\">Contatta il nostro team<\/a> per trovare <strong>l&#8217;appartamento dei tuoi sogni nel centro di Barcellona<\/strong>.<\/p>\t\t\t\t\t\t<\/div>\n\t\t\t\t<\/div>\n\t\t\t\t<div class=\"elementor-element elementor-element-245baeb elementor-widget elementor-widget-spacer\" data-id=\"245baeb\" data-element_type=\"widget\" data-widget_type=\"spacer.default\">\n\t\t\t\t<div class=\"elementor-widget-container\">\n\t\t\t\t\t<div class=\"elementor-spacer\">\n\t\t\t<div class=\"elementor-spacer-inner\"><\/div>\n\t\t<\/div>\n\t\t\t\t<\/div>\n\t\t\t\t<\/div>\n\t\t\t\t\t<\/div>\n\t\t<\/div>\n\t\t\t\t\t<\/div>\n\t\t<\/section>\n\t\t\t\t<section class=\"elementor-section elementor-top-section elementor-element elementor-element-c25c498 elementor-section-boxed elementor-section-height-default elementor-section-height-default\" data-id=\"c25c498\" data-element_type=\"section\">\n\t\t\t\t\t\t<div class=\"elementor-container elementor-column-gap-default\">\n\t\t\t\t\t<div class=\"elementor-column elementor-col-100 elementor-top-column elementor-element elementor-element-b3ccdf2\" data-id=\"b3ccdf2\" data-element_type=\"column\">\n\t\t\t<div class=\"elementor-widget-wrap elementor-element-populated\">\n\t\t\t\t\t\t<div class=\"elementor-element elementor-element-f3a9e4f elementor-widget elementor-widget-heading\" data-id=\"f3a9e4f\" data-element_type=\"widget\" data-widget_type=\"heading.default\">\n\t\t\t\t<div class=\"elementor-widget-container\">\n\t\t\t<h2 class=\"elementor-heading-title elementor-size-default\">Ricerche frequenti:<\/h2>\t\t<\/div>\n\t\t\t\t<\/div>\n\t\t\t\t\t<\/div>\n\t\t<\/div>\n\t\t\t\t\t<\/div>\n\t\t<\/section>\n\t\t\t\t<section class=\"elementor-section elementor-top-section elementor-element elementor-element-6cbc1859 elementor-section-boxed elementor-section-height-default elementor-section-height-default\" data-id=\"6cbc1859\" data-element_type=\"section\">\n\t\t\t\t\t\t<div class=\"elementor-container elementor-column-gap-default\">\n\t\t\t\t\t<div class=\"elementor-column elementor-col-50 elementor-top-column elementor-element elementor-element-7c9441fe\" data-id=\"7c9441fe\" data-element_type=\"column\">\n\t\t\t<div class=\"elementor-widget-wrap elementor-element-populated\">\n\t\t\t\t\t\t<div class=\"elementor-element elementor-element-6cd09ad1 elementor-widget elementor-widget-text-editor\" data-id=\"6cd09ad1\" data-element_type=\"widget\" data-widget_type=\"text-editor.default\">\n\t\t\t\t<div class=\"elementor-widget-container\">\n\t\t\t\t\t\t\t<p><a href=\"https:\/\/www.locabarcelona.com\/it\/abitazioni-affitto\/alloggi-studenti\/\">Appartamenti per studenti<\/a><\/p><p><a href=\"https:\/\/www.locabarcelona.com\/it\/abitazioni-affitto\/appartamenti-condivisi\/\">Appartamenti condivisi<\/a><\/p><p><a href=\"https:\/\/www.locabarcelona.com\/it\/property-status\/affitto-turistico\/\">Appartamenti turistici<\/a><\/p><p><a href=\"https:\/\/www.locabarcelona.com\/it\/property-feature\/caratteristiche\/ammobiliati\/\">Appartamenti ammobiliati in affitto<\/a><\/p><p><a href=\"https:\/\/www.locabarcelona.com\/it\/abitazioni-affitto\/affitto-monolocali\/\">Monolocali in affitto<\/a><\/p>\t\t\t\t\t\t<\/div>\n\t\t\t\t<\/div>\n\t\t\t\t\t<\/div>\n\t\t<\/div>\n\t\t\t\t<div class=\"elementor-column elementor-col-50 elementor-top-column elementor-element elementor-element-c9769de\" data-id=\"c9769de\" data-element_type=\"column\">\n\t\t\t<div class=\"elementor-widget-wrap elementor-element-populated\">\n\t\t\t\t\t\t<div class=\"elementor-element elementor-element-2f2b6288 elementor-widget elementor-widget-text-editor\" data-id=\"2f2b6288\" data-element_type=\"widget\" data-widget_type=\"text-editor.default\">\n\t\t\t\t<div class=\"elementor-widget-container\">\n\t\t\t\t\t\t\t<p><a href=\"https:\/\/www.locabarcelona.com\/it\/abitazioni-affitto\/con-terrazzo\/\">Appartamenti con terrazza<\/a><\/p><p><a href=\"https:\/\/www.locabarcelona.com\/it\/abitazioni-affitto\/attico-barcellona\/\">Attici<\/a><\/p><p><a href=\"https:\/\/www.locabarcelona.com\/it\/abitazioni-affitto\/2-camere\/\"><span style=\"font-weight: 400;\">Appartamenti con 2 camere da letto<\/span><\/a><\/p><p><a href=\"https:\/\/www.locabarcelona.com\/it\/abitazioni-affitto\/3-camere\/\">Appartamenti con 3 camere da letto<\/a><\/p><p><a href=\"https:\/\/www.locabarcelona.com\/it\/abitazioni-affitto\/4-camere\/\">Appartamento con 4 camere da letto<\/a><\/p>\t\t\t\t\t\t<\/div>\n\t\t\t\t<\/div>\n\t\t\t\t\t<\/div>\n\t\t<\/div>\n\t\t\t\t\t<\/div>\n\t\t<\/section>\n\t\t\t\t<section class=\"elementor-section elementor-top-section elementor-element elementor-element-b73a75 elementor-section-boxed elementor-section-height-default elementor-section-height-default\" data-id=\"b73a75\" data-element_type=\"section\">\n\t\t\t\t\t\t<div class=\"elementor-container elementor-column-gap-default\">\n\t\t\t\t\t<div class=\"elementor-column elementor-col-100 elementor-top-column elementor-element elementor-element-1720634e\" data-id=\"1720634e\" data-element_type=\"column\">\n\t\t\t<div class=\"elementor-widget-wrap elementor-element-populated\">\n\t\t\t\t\t\t<div class=\"elementor-element elementor-element-6ec44482 elementor-widget elementor-widget-heading\" data-id=\"6ec44482\" data-element_type=\"widget\" data-widget_type=\"heading.default\">\n\t\t\t\t<div class=\"elementor-widget-container\">\n\t\t\t<h2 class=\"elementor-heading-title elementor-size-default\">Appartamenti in affitto suddivisi per distretti<\/h2>\t\t<\/div>\n\t\t\t\t<\/div>\n\t\t\t\t\t<\/div>\n\t\t<\/div>\n\t\t\t\t\t<\/div>\n\t\t<\/section>\n\t\t\t\t<section class=\"elementor-section elementor-top-section elementor-element elementor-element-63cc764f elementor-section-boxed elementor-section-height-default elementor-section-height-default\" data-id=\"63cc764f\" data-element_type=\"section\">\n\t\t\t\t\t\t<div class=\"elementor-container elementor-column-gap-default\">\n\t\t\t\t\t<div class=\"elementor-column elementor-col-50 elementor-top-column elementor-element elementor-element-1ffbda07\" data-id=\"1ffbda07\" data-element_type=\"column\">\n\t\t\t<div class=\"elementor-widget-wrap elementor-element-populated\">\n\t\t\t\t\t\t<div class=\"elementor-element elementor-element-61e347a0 elementor-widget elementor-widget-global elementor-global-446206 elementor-widget-text-editor\" data-id=\"61e347a0\" data-element_type=\"widget\" data-widget_type=\"text-editor.default\">\n\t\t\t\t<div class=\"elementor-widget-container\">\n\t\t\t\t\t\t\t<p><span style=\"font-weight: 400;\"><a href=\"https:\/\/www.locabarcelona.com\/it\/abitazioni-affitto\/eixample\/\">Appartamenti in affitto all&#8217;Eixample<\/a><br \/><\/span><span style=\"font-weight: 400;\"><a href=\"https:\/\/www.locabarcelona.com\/it\/abitazioni-affitto\/eixample-dreta\/\">Appartamenti in affitto a Dreta dell\u2019Eixample<\/a>\u00a0<br \/><\/span><span style=\"font-weight: 400;\"><a href=\"https:\/\/www.locabarcelona.com\/it\/abitazioni-affitto\/antiga-esquerra-eixample\/\">Appartamenti in affitto all\u2019Antiga Esquerra dell&#8217;Eixample<\/a><br \/><\/span><a href=\"https:\/\/www.locabarcelona.com\/it\/abitazioni-affitto\/nova-esquerra-eixample\/\">Appartamenti in affitto alla Nova Esquerra dell&#8217;Eixample<\/a><br \/><span style=\"font-weight: 400;\"><a href=\"https:\/\/www.locabarcelona.com\/it\/abitazioni-affitto\/fort-pienc\/\">Appartamenti in affitto a Fort Pienc<\/a><br \/><\/span><span style=\"font-weight: 400;\"><a href=\"https:\/\/www.locabarcelona.com\/it\/abitazioni-affitto\/eixample\/sagrada-familia\/\">Appartamenti in affitto alla Sagrada Familia<\/a><br \/><\/span><span style=\"font-weight: 400;\"><a href=\"https:\/\/www.locabarcelona.com\/it\/abitazioni-affitto\/eixample\/sant-antoni\/\">Appartamenti in affitto a Sant Antoni<\/a><br \/><\/span><span style=\"font-weight: 400;\"><a href=\"https:\/\/www.locabarcelona.com\/it\/abitazioni-affitto\/ciutat-vella\/\">Appartamenti in affitto a Ciutat Vella<\/a><br \/><\/span><span style=\"font-weight: 400;\"><a href=\"https:\/\/www.locabarcelona.com\/it\/abitazioni-affitto\/gotico\/\">Appartamenti in affitto nel Quartiere Gotico<\/a><br \/><\/span><span style=\"font-weight: 400;\"><a href=\"https:\/\/www.locabarcelona.com\/it\/abitazioni-affitto\/raval\/\">Appartamenti in affitto a El Raval<\/a><br \/><\/span><span style=\"font-weight: 400;\"><a href=\"https:\/\/www.locabarcelona.com\/it\/abitazioni-affitto\/el-born\/\">Appartamenti in affitto a El Born<\/a><br \/><\/span><span style=\"font-weight: 400;\"><a href=\"https:\/\/www.locabarcelona.com\/it\/abitazioni-affitto\/barceloneta\/\">Appartamenti in affitto alla Barceloneta<\/a><br \/><\/span><span style=\"font-weight: 400;\"><a href=\"https:\/\/www.locabarcelona.com\/it\/abitazioni-affitto\/sants-montjuic\/\">Appartamenti in affitto a Sants-Montjuic<\/a><br \/><\/span><span style=\"font-weight: 400;\"><a href=\"https:\/\/www.locabarcelona.com\/it\/abitazioni-affitto\/poble-sec\/\">Appartamenti in affitto a Poble Sec<\/a><br \/><\/span><span style=\"font-weight: 400;\"><a href=\"https:\/\/www.locabarcelona.com\/it\/abitazioni-affitto\/sants\/\">Appartamenti in affitto a Sants<\/a><br \/><\/span><span style=\"font-weight: 400;\"><a href=\"https:\/\/www.locabarcelona.com\/it\/abitazioni-affitto\/el-putxet-i-farro\/\">Appartamenti in affitto a El Putxet i Farr\u00f3<\/a><br \/><\/span><span style=\"font-weight: 400;\"><a href=\"https:\/\/www.locabarcelona.com\/it\/abitazioni-affitto\/las-tres-torres\/\">Appartamenti in affitto a Las Tres Torres<\/a><br \/><\/span><a href=\"https:\/\/www.locabarcelona.com\/it\/abitazioni-affitto\/montjuic\/\"><span style=\"font-weight: 400;\">Appartamenti in affitto a Montjuic<\/span><\/a><\/p>\t\t\t\t\t\t<\/div>\n\t\t\t\t<\/div>\n\t\t\t\t\t<\/div>\n\t\t<\/div>\n\t\t\t\t<div class=\"elementor-column elementor-col-50 elementor-top-column elementor-element elementor-element-185cb001\" data-id=\"185cb001\" data-element_type=\"column\">\n\t\t\t<div class=\"elementor-widget-wrap elementor-element-populated\">\n\t\t\t\t\t\t<div class=\"elementor-element elementor-element-291009da elementor-widget elementor-widget-global elementor-global-446210 elementor-widget-text-editor\" data-id=\"291009da\" data-element_type=\"widget\" data-widget_type=\"text-editor.default\">\n\t\t\t\t<div class=\"elementor-widget-container\">\n\t\t\t\t\t\t\t<p><span style=\"font-weight: 400;\"><a href=\"https:\/\/www.locabarcelona.com\/it\/abitazioni-affitto\/les-corts\/\">Appartamenti in affitto a Les Corts<\/a><br \/><\/span><span style=\"font-weight: 400;\"><a href=\"https:\/\/www.locabarcelona.com\/it\/abitazioni-affitto\/pedralbes\/\">Appartamenti in affitto a Pedralbes<\/a><br \/><\/span><span style=\"font-weight: 400;\"><a href=\"https:\/\/www.locabarcelona.com\/it\/abitazioni-affitto\/sarria-sant-gervasi\/\">Appartamenti in affitto a Sarria Sant Gervasi<\/a><br \/><\/span><span style=\"font-weight: 400;\"><a href=\"https:\/\/www.locabarcelona.com\/it\/abitazioni-affitto\/sarria\/\">Appartamenti in affitto a Sarria<\/a><br \/><\/span><span style=\"font-weight: 400;\"><a href=\"https:\/\/www.locabarcelona.com\/it\/abitazioni-affitto\/gracia\/\">Appartamenti in affitto a Gracia<\/a><br \/><\/span><span style=\"font-weight: 400;\"><a href=\"https:\/\/www.locabarcelona.com\/it\/abitazioni-affitto\/vila-de-gracia\/\">Appartamenti in affitto a Vila de Gr\u00e0cia<\/a><br \/><\/span><span style=\"font-weight: 400;\"><a href=\"https:\/\/www.locabarcelona.com\/it\/abitazioni-affitto\/horta-guinardo\/\">Appartamenti in affitto a Horta-Guinardo<\/a><br \/><\/span><span style=\"font-weight: 400;\"><a href=\"https:\/\/www.locabarcelona.com\/it\/abitazioni-affitto\/nou-barris\/\">Appartamenti in affitto a Nou Barris<\/a><br \/><\/span><span style=\"font-weight: 400;\"><a href=\"https:\/\/www.locabarcelona.com\/it\/abitazioni-affitto\/sant-andreu\/\">Appartamenti in affitto a Sant Andreu<\/a><br \/><\/span><span style=\"font-weight: 400;\"><a href=\"https:\/\/www.locabarcelona.com\/it\/abitazioni-affitto\/sant-marti\/\">Appartamenti in affitto a Sant Mart\u00ed<\/a><br \/><\/span><span style=\"font-weight: 400;\"><a href=\"https:\/\/www.locabarcelona.com\/it\/abitazioni-affitto\/el-clot\/\">Appartamenti in affitto a El Clot<\/a><br \/><\/span><span style=\"font-weight: 400;\"><a href=\"https:\/\/www.locabarcelona.com\/it\/abitazioni-affitto\/vila-olimpica-del-poblenou\/\">Appartamenti a La vila ol\u00edmpica del Poblenou<\/a><br \/><\/span><span style=\"font-weight: 400;\"><a href=\"https:\/\/www.locabarcelona.com\/it\/abitazioni-affitto\/poblenou\/\">Appartamenti in affitto a Poblenou<\/a><br \/><\/span><span style=\"font-weight: 400;\"><a href=\"https:\/\/www.locabarcelona.com\/it\/abitazioni-affitto\/diagonal-mar\/\">Appartamenti in affitto a Diagonal Mar<\/a><br \/><\/span><span style=\"font-weight: 400;\"><a href=\"https:\/\/www.locabarcelona.com\/it\/abitazioni-affitto\/sant-gervasi-la-bonanova\/\">Appartamenti in affitto a Sant Gervasi &#8211; la Bonanova<\/a><br \/><\/span><span style=\"font-weight: 400;\"><a href=\"https:\/\/www.locabarcelona.com\/it\/abitazioni-affitto\/sant-gervasi-galvany\/\">Appartamenti in affitto a Sant Gervasi Galvany<\/a><br \/><\/span><span style=\"font-weight: 400;\"><a href=\"https:\/\/www.locabarcelona.com\/it\/abitazioni-affitto\/zona-franca\/\">Appartamenti in affitto a Zona Franca<\/a><br \/><\/span><a href=\"https:\/\/www.locabarcelona.com\/it\/abitazioni-affitto\/sants-badal\/\"><span style=\"font-weight: 400;\">Appartamenti in affitto a Sants-Badal<\/span><\/a><\/p>\t\t\t\t\t\t<\/div>\n\t\t\t\t<\/div>\n\t\t\t\t\t<\/div>\n\t\t<\/div>\n\t\t\t\t\t<\/div>\n\t\t<\/section>\n\t\t\t\t<\/div>\n\t\t","protected":false},"excerpt":{"rendered":"<p>Perch\u00e9 affittare un appartamento a El Raval? Loca Barcelona offre una selezione unica di appartamenti in affitto nel quartiere del Raval, ad esempio alloggi con 2 camere da letto, per lunghi o brevi periodi. Gli appartamenti nel quartiere del Raval hanno conservato la loro autenticit\u00e0 pur essendo stati modernizzati. Gli edifici di questo quartiere hanno&#8230;<\/p>\n","protected":false},"author":344,"featured_media":0,"parent":1123303,"menu_order":0,"comment_status":"closed","ping_status":"closed","template":"templates\/list-layout.php","meta":{"inline_featured_image":false,"footnotes":""},"yoast_head":"<!-- This site is optimized with the Yoast SEO Premium plugin v22.6 (Yoast SEO v22.6) - https:\/\/yoast.com\/wordpress\/plugins\/seo\/ -->\n<title>Appartamenti in affitto nel quartiere El Raval di Barcellona | Loca Barcelona<\/title>\n<meta name=\"description\" content=\"Vuoi trasferirti a Barcellona? Consulta le nostre proposte di appartamenti in affitto per breve o lungo periodo nel quartiere El Raval. Affidati a Loca Barcelona!\" \/>\n<meta name=\"robots\" content=\"index, follow, max-snippet:-1, max-image-preview:large, max-video-preview:-1\" \/>\n<link rel=\"canonical\" href=\"https:\/\/www.locabarcelona.com\/it\/abitazioni-affitto\/raval\/\" \/>\n<meta property=\"og:locale\" content=\"it_IT\" \/>\n<meta property=\"og:type\" content=\"article\" \/>\n<meta property=\"og:title\" content=\"Appartamenti in affitto nel quartiere El Raval di Barcellona | Loca Barcelona\" \/>\n<meta property=\"og:description\" content=\"Vuoi trasferirti a Barcellona? Consulta le nostre proposte di appartamenti in affitto per breve o lungo periodo nel quartiere El Raval. Affidati a Loca Barcelona!\" \/>\n<meta property=\"og:url\" content=\"https:\/\/www.locabarcelona.com\/it\/abitazioni-affitto\/raval\/\" \/>\n<meta property=\"og:site_name\" content=\"Locabarcelona\" \/>\n<meta property=\"article:modified_time\" content=\"2026-07-27T11:17:00+00:00\" \/>\n<meta name=\"twitter:card\" content=\"summary_large_image\" \/>\n<meta name=\"twitter:label1\" content=\"Est. reading time\" \/>\n\t<meta name=\"twitter:data1\" content=\"5 minuti\" \/>\n<script type=\"application\/ld+json\" class=\"yoast-schema-graph\">{\"@context\":\"https:\/\/schema.org\",\"@graph\":[{\"@type\":\"WebPage\",\"@id\":\"https:\/\/www.locabarcelona.com\/it\/abitazioni-affitto\/raval\/\",\"url\":\"https:\/\/www.locabarcelona.com\/it\/abitazioni-affitto\/raval\/\",\"name\":\"Appartamenti in affitto nel quartiere El Raval di Barcellona | Loca Barcelona\",\"isPartOf\":{\"@id\":\"https:\/\/www.locabarcelona.com\/it\/#website\"},\"datePublished\":\"2022-05-03T10:06:38+00:00\",\"dateModified\":\"2026-07-27T11:17:00+00:00\",\"description\":\"Vuoi trasferirti a Barcellona? Consulta le nostre proposte di appartamenti in affitto per breve o lungo periodo nel quartiere El Raval. Affidati a Loca Barcelona!\",\"breadcrumb\":{\"@id\":\"https:\/\/www.locabarcelona.com\/it\/abitazioni-affitto\/raval\/#breadcrumb\"},\"inLanguage\":\"it-IT\",\"potentialAction\":[{\"@type\":\"ReadAction\",\"target\":[\"https:\/\/www.locabarcelona.com\/it\/abitazioni-affitto\/raval\/\"]}]},{\"@type\":\"BreadcrumbList\",\"@id\":\"https:\/\/www.locabarcelona.com\/it\/abitazioni-affitto\/raval\/#breadcrumb\",\"itemListElement\":[{\"@type\":\"ListItem\",\"position\":1,\"name\":\"Inicio\",\"item\":\"https:\/\/www.locabarcelona.com\/it\/\"},{\"@type\":\"ListItem\",\"position\":2,\"name\":\"Agenzia immobiliare Barcellona\",\"item\":\"https:\/\/www.locabarcelona.com\/it\/abitazioni-affitto\/\"},{\"@type\":\"ListItem\",\"position\":3,\"name\":\"Appartamenti in affitto a El Raval\"}]},{\"@type\":\"WebSite\",\"@id\":\"https:\/\/www.locabarcelona.com\/it\/#website\",\"url\":\"https:\/\/www.locabarcelona.com\/it\/\",\"name\":\"Loca Barcelona\",\"description\":\"Real Estate Services\",\"publisher\":{\"@id\":\"https:\/\/www.locabarcelona.com\/it\/#organization\"},\"potentialAction\":[{\"@type\":\"SearchAction\",\"target\":{\"@type\":\"EntryPoint\",\"urlTemplate\":\"https:\/\/www.locabarcelona.com\/it\/?s={search_term_string}\"},\"query-input\":\"required name=search_term_string\"}],\"inLanguage\":\"it-IT\"},{\"@type\":\"Organization\",\"@id\":\"https:\/\/www.locabarcelona.com\/it\/#organization\",\"name\":\"Loca Barcelona\",\"url\":\"https:\/\/www.locabarcelona.com\/it\/\",\"logo\":{\"@type\":\"ImageObject\",\"inLanguage\":\"it-IT\",\"@id\":\"https:\/\/www.locabarcelona.com\/it\/#\/schema\/logo\/image\/\",\"url\":\"https:\/\/www.locabarcelona.com\/wp-content\/uploads\/2021\/10\/logo_locabarcelona_small.png\",\"contentUrl\":\"https:\/\/www.locabarcelona.com\/wp-content\/uploads\/2021\/10\/logo_locabarcelona_small.png\",\"width\":250,\"height\":149,\"caption\":\"Loca Barcelona\"},\"image\":{\"@id\":\"https:\/\/www.locabarcelona.com\/it\/#\/schema\/logo\/image\/\"}}]}<\/script>\n<!-- \/ Yoast SEO Premium plugin. -->","yoast_head_json":{"title":"Appartamenti in affitto nel quartiere El Raval di Barcellona | Loca Barcelona","description":"Vuoi trasferirti a Barcellona? Consulta le nostre proposte di appartamenti in affitto per breve o lungo periodo nel quartiere El Raval. Affidati a Loca Barcelona!","robots":{"index":"index","follow":"follow","max-snippet":"max-snippet:-1","max-image-preview":"max-image-preview:large","max-video-preview":"max-video-preview:-1"},"canonical":"https:\/\/www.locabarcelona.com\/it\/abitazioni-affitto\/raval\/","og_locale":"it_IT","og_type":"article","og_title":"Appartamenti in affitto nel quartiere El Raval di Barcellona | Loca Barcelona","og_description":"Vuoi trasferirti a Barcellona? Consulta le nostre proposte di appartamenti in affitto per breve o lungo periodo nel quartiere El Raval. Affidati a Loca Barcelona!","og_url":"https:\/\/www.locabarcelona.com\/it\/abitazioni-affitto\/raval\/","og_site_name":"Locabarcelona","article_modified_time":"2026-07-27T11:17:00+00:00","twitter_card":"summary_large_image","twitter_misc":{"Est. reading time":"5 minuti"},"schema":{"@context":"https:\/\/schema.org","@graph":[{"@type":"WebPage","@id":"https:\/\/www.locabarcelona.com\/it\/abitazioni-affitto\/raval\/","url":"https:\/\/www.locabarcelona.com\/it\/abitazioni-affitto\/raval\/","name":"Appartamenti in affitto nel quartiere El Raval di Barcellona | Loca Barcelona","isPartOf":{"@id":"https:\/\/www.locabarcelona.com\/it\/#website"},"datePublished":"2022-05-03T10:06:38+00:00","dateModified":"2026-07-27T11:17:00+00:00","description":"Vuoi trasferirti a Barcellona? Consulta le nostre proposte di appartamenti in affitto per breve o lungo periodo nel quartiere El Raval. Affidati a Loca Barcelona!","breadcrumb":{"@id":"https:\/\/www.locabarcelona.com\/it\/abitazioni-affitto\/raval\/#breadcrumb"},"inLanguage":"it-IT","potentialAction":[{"@type":"ReadAction","target":["https:\/\/www.locabarcelona.com\/it\/abitazioni-affitto\/raval\/"]}]},{"@type":"BreadcrumbList","@id":"https:\/\/www.locabarcelona.com\/it\/abitazioni-affitto\/raval\/#breadcrumb","itemListElement":[{"@type":"ListItem","position":1,"name":"Inicio","item":"https:\/\/www.locabarcelona.com\/it\/"},{"@type":"ListItem","position":2,"name":"Agenzia immobiliare Barcellona","item":"https:\/\/www.locabarcelona.com\/it\/abitazioni-affitto\/"},{"@type":"ListItem","position":3,"name":"Appartamenti in affitto a El Raval"}]},{"@type":"WebSite","@id":"https:\/\/www.locabarcelona.com\/it\/#website","url":"https:\/\/www.locabarcelona.com\/it\/","name":"Loca Barcelona","description":"Real Estate Services","publisher":{"@id":"https:\/\/www.locabarcelona.com\/it\/#organization"},"potentialAction":[{"@type":"SearchAction","target":{"@type":"EntryPoint","urlTemplate":"https:\/\/www.locabarcelona.com\/it\/?s={search_term_string}"},"query-input":"required name=search_term_string"}],"inLanguage":"it-IT"},{"@type":"Organization","@id":"https:\/\/www.locabarcelona.com\/it\/#organization","name":"Loca Barcelona","url":"https:\/\/www.locabarcelona.com\/it\/","logo":{"@type":"ImageObject","inLanguage":"it-IT","@id":"https:\/\/www.locabarcelona.com\/it\/#\/schema\/logo\/image\/","url":"https:\/\/www.locabarcelona.com\/wp-content\/uploads\/2021\/10\/logo_locabarcelona_small.png","contentUrl":"https:\/\/www.locabarcelona.com\/wp-content\/uploads\/2021\/10\/logo_locabarcelona_small.png","width":250,"height":149,"caption":"Loca Barcelona"},"image":{"@id":"https:\/\/www.locabarcelona.com\/it\/#\/schema\/logo\/image\/"}}]}},"_links":{"self":[{"href":"https:\/\/www.locabarcelona.com\/it\/wp-json\/wp\/v2\/pages\/1140298"}],"collection":[{"href":"https:\/\/www.locabarcelona.com\/it\/wp-json\/wp\/v2\/pages"}],"about":[{"href":"https:\/\/www.locabarcelona.com\/it\/wp-json\/wp\/v2\/types\/page"}],"author":[{"embeddable":true,"href":"https:\/\/www.locabarcelona.com\/it\/wp-json\/wp\/v2\/users\/344"}],"replies":[{"embeddable":true,"href":"https:\/\/www.locabarcelona.com\/it\/wp-json\/wp\/v2\/comments?post=1140298"}],"version-history":[{"count":4,"href":"https:\/\/www.locabarcelona.com\/it\/wp-json\/wp\/v2\/pages\/1140298\/revisions"}],"predecessor-version":[{"id":1140308,"href":"https:\/\/www.locabarcelona.com\/it\/wp-json\/wp\/v2\/pages\/1140298\/revisions\/1140308"}],"up":[{"embeddable":true,"href":"https:\/\/www.locabarcelona.com\/it\/wp-json\/wp\/v2\/pages\/1123303"}],"wp:attachment":[{"href":"https:\/\/www.locabarcelona.com\/it\/wp-json\/wp\/v2\/media?parent=1140298"}],"curies":[{"name":"wp","href":"https:\/\/api.w.org\/{rel}","templated":true}]}}