{"id":1133855,"date":"2022-09-02T11:56:00","date_gmt":"2022-09-02T09:56:00","guid":{"rendered":"https:\/\/www.locabarcelona.com\/abitazioni-affitto\/montjuic\/"},"modified":"2026-07-24T13:27:53","modified_gmt":"2026-07-24T11:27:53","slug":"montjuic","status":"publish","type":"page","link":"https:\/\/www.locabarcelona.com\/it\/abitazioni-affitto\/montjuic\/","title":{"rendered":"Appartamenti in affitto a Montju\u00efc"},"content":{"rendered":"\t\t<div data-elementor-type=\"wp-page\" data-elementor-id=\"1133855\" class=\"elementor elementor-1133855 elementor-461236\" data-elementor-post-type=\"page\">\n\t\t\t\t\t\t<section class=\"elementor-section elementor-top-section elementor-element elementor-element-5f2c34e8 elementor-section-boxed elementor-section-height-default elementor-section-height-default\" data-id=\"5f2c34e8\" data-element_type=\"section\">\n\t\t\t\t\t\t<div class=\"elementor-container elementor-column-gap-default\">\n\t\t\t\t\t<div class=\"elementor-column elementor-col-100 elementor-top-column elementor-element elementor-element-6db26b0b\" data-id=\"6db26b0b\" data-element_type=\"column\">\n\t\t\t<div class=\"elementor-widget-wrap elementor-element-populated\">\n\t\t\t\t\t\t<div class=\"elementor-element elementor-element-51118262 elementor-widget elementor-widget-text-editor\" data-id=\"51118262\" data-element_type=\"widget\" data-widget_type=\"text-editor.default\">\n\t\t\t\t<div class=\"elementor-widget-container\">\n\t\t\t\t\t\t\t<h2>Perch\u00e9 affittare un appartamento nella zona di Montjuic?<\/h2><p>Montjuic si trova sulla <strong>collina pi\u00f9 famosa e incantevole di Barcellona<\/strong>. Questo <strong>quartiere verde<\/strong> si affaccia sul centro storico e sul porto industriale. <strong>Il patrimonio architettonico \u00e8 recente<\/strong>, poich\u00e9 molti edifici sono stati costruiti per l&#8217;Esposizione Universale del 1929 e le Olimpiadi del 1992.<\/p><h3>Una delle zone turistiche pi\u00f9 popolari di Barcellona<\/h3><p>Se sali fino in cima alla collina del Montjuic, a 170 metri, potrai godere di una splendida vista su Barcellona e sul mare. Riuscirai a scorgere gli yacht ancorati vicino alla costa e le imbarcazioni ormeggiate nel porto vecchio.<\/p><ul><li>Tra i monumenti e gli edifici pi\u00f9 visitati ci sono:<\/li><li>Il <strong>Castello di Montjuic<\/strong><\/li><li>Il <strong>Palazzo Nazionale<\/strong><\/li><li>Il <strong>Giardino Botanico<\/strong><\/li><li>La <strong>Fontana Magica<\/strong><\/li><li>Il <strong>Poble Espanyol<\/strong><\/li><li>Lo <strong>Stadio Olimpico Lluis Companys<\/strong><\/li><\/ul><h3>Momenti di relax nei parchi di Montjuic<\/h3><p>Montjuic vanta <strong>ampi spazi verdi perfettamente distribuiti<\/strong>: scopri i numerosi parchi e giardini dove \u00e8 piacevole seguire <strong>percorsi naturalistici<\/strong>, andare in bicicletta, fare jogging, portare i bambini al parco giochi o semplicemente passeggiare.<\/p><p>La villa olimpica e la piscina sono le <strong>strutture ideali per gli sportivi<\/strong>: potrai praticare tutti i tipi di sport a pochi passi dal tuo appartamento o loft in affitto a Montjuic. Nelle vicinanze, il <strong>Museo Olimpico e dello Sport<\/strong> racconta l&#8217;avventura dei Giochi e i suoi principali eventi.<\/p><h2>Quali sono i vantaggi di affittare un appartamento nel quartiere di Montjuic a Barcellona?<\/h2><p>Montjuic ospita ogni anno diversi eventi, come il <strong>Festival del Cinema all&#8217;Aperto<\/strong> a luglio nei giardini del castello e i <strong>picnic all&#8217;aperto<\/strong> in uno dei parchi pi\u00f9 popolari. Affittare un appartamento a Montjuic ti permetter\u00e0 di partecipare a diversi <strong>eventi<\/strong> durante tutto l&#8217;anno.<\/p><h3>Caratteristiche degli appartamenti in affitto a Montjuic<\/h3><p>Spesso <strong>dotati di balcone<\/strong>, <strong>terrazza<\/strong> <strong>o spazio esterno<\/strong>, gli appartamenti in affitto a Montjuic offrono molti comfort. Molti di essi sono <strong>climatizzati<\/strong> per offrire comfort termico in tutte le stagioni.<\/p><p>Con Loca Barcelona, puoi scegliere un monolocale o un appartamento da 2 a 4 camere e molto altro ancora. Che ti piaccia l&#8217;arredamento tipico di Barcellona o il design contemporaneo, apprezzerai la <strong>luminosit\u00e0<\/strong> e la perfetta distribuzione di questi affitti di breve o lungo periodo a Montjuic.<\/p><p>Per raggiungere i diversi luoghi, puoi prendere i <strong>mezzi pubblici<\/strong> o la <strong>funicolare<\/strong> dal castello di Montjuic alla fermata della <strong>metropolitana<\/strong> \u201c<strong>Paral.lel<\/strong>\u201d, oppure la <strong>teleferica<\/strong> che termina a Barceloneta.<\/p><h3>Un ambiente ideale per famiglie e gli expat<\/h3><p>Montjuic \u00e8 anche un <strong>quartiere commerciale e culturale<\/strong>. Qui si tengono regolarmente numerosi <strong>mercati<\/strong> con prodotti stagionali vari, specialmente nel Parco di Montjuic.<\/p><p>In cima alla collina ci sono diversi <strong>ristoranti<\/strong> e <strong>bar<\/strong> dove trascorrere piacevoli momenti davanti al mare o conoscere gente nuova. Vicino al <strong>Passeig de Montjuic<\/strong> si trovano negozi tradizionali e boutique di lusso.<\/p><p>Affittando un appartamento a Montjuic con Loca Barcelona potrai vivere il meglio di Barcellona, nel cuore di una delle sue zone pi\u00f9 belle: <a href=\"https:\/\/www.locabarcelona.com\/it\/su-di-noi\/contattaci\/\">contattaci<\/a>!<\/p>\t\t\t\t\t\t<\/div>\n\t\t\t\t<\/div>\n\t\t\t\t\t<\/div>\n\t\t<\/div>\n\t\t\t\t\t<\/div>\n\t\t<\/section>\n\t\t\t\t<section class=\"elementor-section elementor-top-section elementor-element elementor-element-3df08ea2 elementor-section-boxed elementor-section-height-default elementor-section-height-default\" data-id=\"3df08ea2\" data-element_type=\"section\">\n\t\t\t\t\t\t<div class=\"elementor-container elementor-column-gap-default\">\n\t\t\t\t\t<div class=\"elementor-column elementor-col-100 elementor-top-column elementor-element elementor-element-49463f3c\" data-id=\"49463f3c\" data-element_type=\"column\">\n\t\t\t<div class=\"elementor-widget-wrap elementor-element-populated\">\n\t\t\t\t\t\t<div class=\"elementor-element elementor-element-eb0d097 elementor-widget elementor-widget-spacer\" data-id=\"eb0d097\" data-element_type=\"widget\" data-widget_type=\"spacer.default\">\n\t\t\t\t<div class=\"elementor-widget-container\">\n\t\t\t\t\t<div class=\"elementor-spacer\">\n\t\t\t<div class=\"elementor-spacer-inner\"><\/div>\n\t\t<\/div>\n\t\t\t\t<\/div>\n\t\t\t\t<\/div>\n\t\t\t\t\t<\/div>\n\t\t<\/div>\n\t\t\t\t\t<\/div>\n\t\t<\/section>\n\t\t\t\t<section class=\"elementor-section elementor-top-section elementor-element elementor-element-c463bc7 elementor-section-boxed elementor-section-height-default elementor-section-height-default\" data-id=\"c463bc7\" data-element_type=\"section\">\n\t\t\t\t\t\t<div class=\"elementor-container elementor-column-gap-default\">\n\t\t\t\t\t<div class=\"elementor-column elementor-col-100 elementor-top-column elementor-element elementor-element-2fbc55c\" data-id=\"2fbc55c\" data-element_type=\"column\">\n\t\t\t<div class=\"elementor-widget-wrap elementor-element-populated\">\n\t\t\t\t\t\t<div class=\"elementor-element elementor-element-6bbca2b elementor-widget elementor-widget-heading\" data-id=\"6bbca2b\" data-element_type=\"widget\" data-widget_type=\"heading.default\">\n\t\t\t\t<div class=\"elementor-widget-container\">\n\t\t\t<h2 class=\"elementor-heading-title elementor-size-default\">Domande frequenti:<\/h2>\t\t<\/div>\n\t\t\t\t<\/div>\n\t\t\t\t\t<\/div>\n\t\t<\/div>\n\t\t\t\t\t<\/div>\n\t\t<\/section>\n\t\t\t\t<section class=\"elementor-section elementor-top-section elementor-element elementor-element-496b94d7 elementor-section-boxed elementor-section-height-default elementor-section-height-default\" data-id=\"496b94d7\" data-element_type=\"section\">\n\t\t\t\t\t\t<div class=\"elementor-container elementor-column-gap-default\">\n\t\t\t\t\t<div class=\"elementor-column elementor-col-50 elementor-top-column elementor-element elementor-element-443e664c\" data-id=\"443e664c\" data-element_type=\"column\">\n\t\t\t<div class=\"elementor-widget-wrap elementor-element-populated\">\n\t\t\t\t\t\t<div class=\"elementor-element elementor-element-6b08f053 elementor-widget elementor-widget-text-editor\" data-id=\"6b08f053\" data-element_type=\"widget\" data-widget_type=\"text-editor.default\">\n\t\t\t\t<div class=\"elementor-widget-container\">\n\t\t\t\t\t\t\t<p><a href=\"https:\/\/www.locabarcelona.com\/it\/abitazioni-affitto\/alloggi-studenti\/\">Appartamenti per studenti<\/a><\/p><p><a href=\"https:\/\/www.locabarcelona.com\/it\/abitazioni-affitto\/appartamenti-condivisi\/\">Appartamenti condivisi<\/a><\/p><p><a href=\"https:\/\/www.locabarcelona.com\/it\/property-status\/affitto-turistico\/\">Appartamenti turistici<\/a><\/p><p><a href=\"https:\/\/www.locabarcelona.com\/it\/property-feature\/caratteristiche\/ammobiliati\/\">Appartamenti ammobiliati in affitto<\/a><\/p><p><a href=\"https:\/\/www.locabarcelona.com\/it\/abitazioni-affitto\/affitto-monolocali\/\">Monolocali in affitto<\/a><\/p>\t\t\t\t\t\t<\/div>\n\t\t\t\t<\/div>\n\t\t\t\t\t<\/div>\n\t\t<\/div>\n\t\t\t\t<div class=\"elementor-column elementor-col-50 elementor-top-column elementor-element elementor-element-7657743c\" data-id=\"7657743c\" data-element_type=\"column\">\n\t\t\t<div class=\"elementor-widget-wrap elementor-element-populated\">\n\t\t\t\t\t\t<div class=\"elementor-element elementor-element-20b311be elementor-widget elementor-widget-text-editor\" data-id=\"20b311be\" data-element_type=\"widget\" data-widget_type=\"text-editor.default\">\n\t\t\t\t<div class=\"elementor-widget-container\">\n\t\t\t\t\t\t\t<p><a href=\"https:\/\/www.locabarcelona.com\/it\/abitazioni-affitto\/con-terrazzo\/\">Appartamenti con terrazza<\/a><\/p><p><a href=\"https:\/\/www.locabarcelona.com\/it\/abitazioni-affitto\/attico-barcellona\/\">Attici<\/a><\/p><p><a href=\"https:\/\/www.locabarcelona.com\/it\/abitazioni-affitto\/2-camere\/\"><span style=\"font-weight: 400;\">Appartamenti con 2 camere da letto<\/span><\/a><\/p><p><a href=\"https:\/\/www.locabarcelona.com\/it\/abitazioni-affitto\/3-camere\/\">Appartamenti con 3 camere da letto<\/a><\/p><p><a href=\"https:\/\/www.locabarcelona.com\/it\/abitazioni-affitto\/4-camere\/\">Appartamento con 4 camere da letto<\/a><\/p>\t\t\t\t\t\t<\/div>\n\t\t\t\t<\/div>\n\t\t\t\t\t<\/div>\n\t\t<\/div>\n\t\t\t\t\t<\/div>\n\t\t<\/section>\n\t\t\t\t<section class=\"elementor-section elementor-top-section elementor-element elementor-element-4a864edb elementor-section-boxed elementor-section-height-default elementor-section-height-default\" data-id=\"4a864edb\" data-element_type=\"section\">\n\t\t\t\t\t\t<div class=\"elementor-container elementor-column-gap-default\">\n\t\t\t\t\t<div class=\"elementor-column elementor-col-100 elementor-top-column elementor-element elementor-element-2da237a3\" data-id=\"2da237a3\" data-element_type=\"column\">\n\t\t\t<div class=\"elementor-widget-wrap elementor-element-populated\">\n\t\t\t\t\t\t<div class=\"elementor-element elementor-element-5ada4d5c elementor-widget elementor-widget-heading\" data-id=\"5ada4d5c\" data-element_type=\"widget\" data-widget_type=\"heading.default\">\n\t\t\t\t<div class=\"elementor-widget-container\">\n\t\t\t<h2 class=\"elementor-heading-title elementor-size-default\">Appartamenti in affitto suddivisi per distretti<\/h2>\t\t<\/div>\n\t\t\t\t<\/div>\n\t\t\t\t\t<\/div>\n\t\t<\/div>\n\t\t\t\t\t<\/div>\n\t\t<\/section>\n\t\t\t\t<section class=\"elementor-section elementor-top-section elementor-element elementor-element-39370ab7 elementor-section-boxed elementor-section-height-default elementor-section-height-default\" data-id=\"39370ab7\" data-element_type=\"section\">\n\t\t\t\t\t\t<div class=\"elementor-container elementor-column-gap-default\">\n\t\t\t\t\t<div class=\"elementor-column elementor-col-50 elementor-top-column elementor-element elementor-element-60f8e143\" data-id=\"60f8e143\" data-element_type=\"column\">\n\t\t\t<div class=\"elementor-widget-wrap elementor-element-populated\">\n\t\t\t\t\t\t<div class=\"elementor-element elementor-element-75fe1941 elementor-widget elementor-widget-global elementor-global-446206 elementor-widget-text-editor\" data-id=\"75fe1941\" data-element_type=\"widget\" data-widget_type=\"text-editor.default\">\n\t\t\t\t<div class=\"elementor-widget-container\">\n\t\t\t\t\t\t\t<p><span style=\"font-weight: 400;\"><a href=\"https:\/\/www.locabarcelona.com\/it\/abitazioni-affitto\/eixample\/\">Appartamenti in affitto all&#8217;Eixample<\/a><br \/><\/span><span style=\"font-weight: 400;\"><a href=\"https:\/\/www.locabarcelona.com\/it\/abitazioni-affitto\/eixample-dreta\/\">Appartamenti in affitto a Dreta dell\u2019Eixample<\/a>\u00a0<br \/><\/span><span style=\"font-weight: 400;\"><a href=\"https:\/\/www.locabarcelona.com\/it\/abitazioni-affitto\/antiga-esquerra-eixample\/\">Appartamenti in affitto all\u2019Antiga Esquerra dell&#8217;Eixample<\/a><br \/><\/span><a href=\"https:\/\/www.locabarcelona.com\/it\/abitazioni-affitto\/nova-esquerra-eixample\/\">Appartamenti in affitto alla Nova Esquerra dell&#8217;Eixample<\/a><br \/><span style=\"font-weight: 400;\"><a href=\"https:\/\/www.locabarcelona.com\/it\/abitazioni-affitto\/fort-pienc\/\">Appartamenti in affitto a Fort Pienc<\/a><br \/><\/span><span style=\"font-weight: 400;\"><a href=\"https:\/\/www.locabarcelona.com\/it\/abitazioni-affitto\/eixample\/sagrada-familia\/\">Appartamenti in affitto alla Sagrada Familia<\/a><br \/><\/span><span style=\"font-weight: 400;\"><a href=\"https:\/\/www.locabarcelona.com\/it\/abitazioni-affitto\/eixample\/sant-antoni\/\">Appartamenti in affitto a Sant Antoni<\/a><br \/><\/span><span style=\"font-weight: 400;\"><a href=\"https:\/\/www.locabarcelona.com\/it\/abitazioni-affitto\/ciutat-vella\/\">Appartamenti in affitto a Ciutat Vella<\/a><br \/><\/span><span style=\"font-weight: 400;\"><a href=\"https:\/\/www.locabarcelona.com\/it\/abitazioni-affitto\/gotico\/\">Appartamenti in affitto nel Quartiere Gotico<\/a><br \/><\/span><span style=\"font-weight: 400;\"><a href=\"https:\/\/www.locabarcelona.com\/it\/abitazioni-affitto\/raval\/\">Appartamenti in affitto a El Raval<\/a><br \/><\/span><span style=\"font-weight: 400;\"><a href=\"https:\/\/www.locabarcelona.com\/it\/abitazioni-affitto\/el-born\/\">Appartamenti in affitto a El Born<\/a><br \/><\/span><span style=\"font-weight: 400;\"><a href=\"https:\/\/www.locabarcelona.com\/it\/abitazioni-affitto\/barceloneta\/\">Appartamenti in affitto alla Barceloneta<\/a><br \/><\/span><span style=\"font-weight: 400;\"><a href=\"https:\/\/www.locabarcelona.com\/it\/abitazioni-affitto\/sants-montjuic\/\">Appartamenti in affitto a Sants-Montjuic<\/a><br \/><\/span><span style=\"font-weight: 400;\"><a href=\"https:\/\/www.locabarcelona.com\/it\/abitazioni-affitto\/poble-sec\/\">Appartamenti in affitto a Poble Sec<\/a><br \/><\/span><span style=\"font-weight: 400;\"><a href=\"https:\/\/www.locabarcelona.com\/it\/abitazioni-affitto\/sants\/\">Appartamenti in affitto a Sants<\/a><br \/><\/span><span style=\"font-weight: 400;\"><a href=\"https:\/\/www.locabarcelona.com\/it\/abitazioni-affitto\/el-putxet-i-farro\/\">Appartamenti in affitto a El Putxet i Farr\u00f3<\/a><br \/><\/span><span style=\"font-weight: 400;\"><a href=\"https:\/\/www.locabarcelona.com\/it\/abitazioni-affitto\/las-tres-torres\/\">Appartamenti in affitto a Las Tres Torres<\/a><br \/><\/span><a href=\"https:\/\/www.locabarcelona.com\/it\/abitazioni-affitto\/montjuic\/\"><span style=\"font-weight: 400;\">Appartamenti in affitto a Montjuic<\/span><\/a><\/p>\t\t\t\t\t\t<\/div>\n\t\t\t\t<\/div>\n\t\t\t\t\t<\/div>\n\t\t<\/div>\n\t\t\t\t<div class=\"elementor-column elementor-col-50 elementor-top-column elementor-element elementor-element-722ef1b0\" data-id=\"722ef1b0\" data-element_type=\"column\">\n\t\t\t<div class=\"elementor-widget-wrap elementor-element-populated\">\n\t\t\t\t\t\t<div class=\"elementor-element elementor-element-550c313d elementor-widget elementor-widget-global elementor-global-446210 elementor-widget-text-editor\" data-id=\"550c313d\" data-element_type=\"widget\" data-widget_type=\"text-editor.default\">\n\t\t\t\t<div class=\"elementor-widget-container\">\n\t\t\t\t\t\t\t<p><span style=\"font-weight: 400;\"><a href=\"https:\/\/www.locabarcelona.com\/it\/abitazioni-affitto\/les-corts\/\">Appartamenti in affitto a Les Corts<\/a><br \/><\/span><span style=\"font-weight: 400;\"><a href=\"https:\/\/www.locabarcelona.com\/it\/abitazioni-affitto\/pedralbes\/\">Appartamenti in affitto a Pedralbes<\/a><br \/><\/span><span style=\"font-weight: 400;\"><a href=\"https:\/\/www.locabarcelona.com\/it\/abitazioni-affitto\/sarria-sant-gervasi\/\">Appartamenti in affitto a Sarria Sant Gervasi<\/a><br \/><\/span><span style=\"font-weight: 400;\"><a href=\"https:\/\/www.locabarcelona.com\/it\/abitazioni-affitto\/sarria\/\">Appartamenti in affitto a Sarria<\/a><br \/><\/span><span style=\"font-weight: 400;\"><a href=\"https:\/\/www.locabarcelona.com\/it\/abitazioni-affitto\/gracia\/\">Appartamenti in affitto a Gracia<\/a><br \/><\/span><span style=\"font-weight: 400;\"><a href=\"https:\/\/www.locabarcelona.com\/it\/abitazioni-affitto\/vila-de-gracia\/\">Appartamenti in affitto a Vila de Gr\u00e0cia<\/a><br \/><\/span><span style=\"font-weight: 400;\"><a href=\"https:\/\/www.locabarcelona.com\/it\/abitazioni-affitto\/horta-guinardo\/\">Appartamenti in affitto a Horta-Guinardo<\/a><br \/><\/span><span style=\"font-weight: 400;\"><a href=\"https:\/\/www.locabarcelona.com\/it\/abitazioni-affitto\/nou-barris\/\">Appartamenti in affitto a Nou Barris<\/a><br \/><\/span><span style=\"font-weight: 400;\"><a href=\"https:\/\/www.locabarcelona.com\/it\/abitazioni-affitto\/sant-andreu\/\">Appartamenti in affitto a Sant Andreu<\/a><br \/><\/span><span style=\"font-weight: 400;\"><a href=\"https:\/\/www.locabarcelona.com\/it\/abitazioni-affitto\/sant-marti\/\">Appartamenti in affitto a Sant Mart\u00ed<\/a><br \/><\/span><span style=\"font-weight: 400;\"><a href=\"https:\/\/www.locabarcelona.com\/it\/abitazioni-affitto\/el-clot\/\">Appartamenti in affitto a El Clot<\/a><br \/><\/span><span style=\"font-weight: 400;\"><a href=\"https:\/\/www.locabarcelona.com\/it\/abitazioni-affitto\/vila-olimpica-del-poblenou\/\">Appartamenti a La vila ol\u00edmpica del Poblenou<\/a><br \/><\/span><span style=\"font-weight: 400;\"><a href=\"https:\/\/www.locabarcelona.com\/it\/abitazioni-affitto\/poblenou\/\">Appartamenti in affitto a Poblenou<\/a><br \/><\/span><span style=\"font-weight: 400;\"><a href=\"https:\/\/www.locabarcelona.com\/it\/abitazioni-affitto\/diagonal-mar\/\">Appartamenti in affitto a Diagonal Mar<\/a><br \/><\/span><span style=\"font-weight: 400;\"><a href=\"https:\/\/www.locabarcelona.com\/it\/abitazioni-affitto\/sant-gervasi-la-bonanova\/\">Appartamenti in affitto a Sant Gervasi &#8211; la Bonanova<\/a><br \/><\/span><span style=\"font-weight: 400;\"><a href=\"https:\/\/www.locabarcelona.com\/it\/abitazioni-affitto\/sant-gervasi-galvany\/\">Appartamenti in affitto a Sant Gervasi Galvany<\/a><br \/><\/span><span style=\"font-weight: 400;\"><a href=\"https:\/\/www.locabarcelona.com\/it\/abitazioni-affitto\/zona-franca\/\">Appartamenti in affitto a Zona Franca<\/a><br \/><\/span><a href=\"https:\/\/www.locabarcelona.com\/it\/abitazioni-affitto\/sants-badal\/\"><span style=\"font-weight: 400;\">Appartamenti in affitto a Sants-Badal<\/span><\/a><\/p>\t\t\t\t\t\t<\/div>\n\t\t\t\t<\/div>\n\t\t\t\t\t<\/div>\n\t\t<\/div>\n\t\t\t\t\t<\/div>\n\t\t<\/section>\n\t\t\t\t<\/div>\n\t\t","protected":false},"excerpt":{"rendered":"<p>Perch\u00e9 affittare un appartamento nella zona di Montjuic? Montjuic si trova sulla collina pi\u00f9 famosa e incantevole di Barcellona. Questo quartiere verde si affaccia sul centro storico e sul porto industriale. Il patrimonio architettonico \u00e8 recente, poich\u00e9 molti edifici sono stati costruiti per l&#8217;Esposizione Universale del 1929 e le Olimpiadi del 1992. Una delle zone&#8230;<\/p>\n","protected":false},"author":344,"featured_media":0,"parent":1123303,"menu_order":0,"comment_status":"closed","ping_status":"closed","template":"templates\/list-layout.php","meta":{"inline_featured_image":false,"footnotes":""},"yoast_head":"<!-- This site is optimized with the Yoast SEO Premium plugin v22.6 (Yoast SEO v22.6) - https:\/\/yoast.com\/wordpress\/plugins\/seo\/ -->\n<title>Appartamenti in affitto nel quartiere di Montju\u00efc a Barcellona | Loca Barcelona<\/title>\n<meta name=\"description\" content=\"Cerchi un appartamento da affittare a Barcellona? La zona del Montju\u00efc \u00e8 una delle pi\u00f9 accoglienti e verdi della citt\u00e0. Affidati a Loca Barcelona!\" \/>\n<meta name=\"robots\" content=\"index, follow, max-snippet:-1, max-image-preview:large, max-video-preview:-1\" \/>\n<link rel=\"canonical\" href=\"https:\/\/www.locabarcelona.com\/it\/abitazioni-affitto\/montjuic\/\" \/>\n<meta property=\"og:locale\" content=\"it_IT\" \/>\n<meta property=\"og:type\" content=\"article\" \/>\n<meta property=\"og:title\" content=\"Appartamenti in affitto nel quartiere di Montju\u00efc a Barcellona | Loca Barcelona\" \/>\n<meta property=\"og:description\" content=\"Cerchi un appartamento da affittare a Barcellona? La zona del Montju\u00efc \u00e8 una delle pi\u00f9 accoglienti e verdi della citt\u00e0. Affidati a Loca Barcelona!\" \/>\n<meta property=\"og:url\" content=\"https:\/\/www.locabarcelona.com\/it\/abitazioni-affitto\/montjuic\/\" \/>\n<meta property=\"og:site_name\" content=\"Locabarcelona\" \/>\n<meta property=\"article:modified_time\" content=\"2026-07-24T11:27:53+00:00\" \/>\n<meta name=\"twitter:card\" content=\"summary_large_image\" \/>\n<meta name=\"twitter:label1\" content=\"Est. reading time\" \/>\n\t<meta name=\"twitter:data1\" content=\"4 minuti\" \/>\n<script type=\"application\/ld+json\" class=\"yoast-schema-graph\">{\"@context\":\"https:\/\/schema.org\",\"@graph\":[{\"@type\":\"WebPage\",\"@id\":\"https:\/\/www.locabarcelona.com\/it\/abitazioni-affitto\/montjuic\/\",\"url\":\"https:\/\/www.locabarcelona.com\/it\/abitazioni-affitto\/montjuic\/\",\"name\":\"Appartamenti in affitto nel quartiere di Montju\u00efc a Barcellona | Loca Barcelona\",\"isPartOf\":{\"@id\":\"https:\/\/www.locabarcelona.com\/it\/#website\"},\"datePublished\":\"2022-09-02T09:56:00+00:00\",\"dateModified\":\"2026-07-24T11:27:53+00:00\",\"description\":\"Cerchi un appartamento da affittare a Barcellona? La zona del Montju\u00efc \u00e8 una delle pi\u00f9 accoglienti e verdi della citt\u00e0. Affidati a Loca Barcelona!\",\"breadcrumb\":{\"@id\":\"https:\/\/www.locabarcelona.com\/it\/abitazioni-affitto\/montjuic\/#breadcrumb\"},\"inLanguage\":\"it-IT\",\"potentialAction\":[{\"@type\":\"ReadAction\",\"target\":[\"https:\/\/www.locabarcelona.com\/it\/abitazioni-affitto\/montjuic\/\"]}]},{\"@type\":\"BreadcrumbList\",\"@id\":\"https:\/\/www.locabarcelona.com\/it\/abitazioni-affitto\/montjuic\/#breadcrumb\",\"itemListElement\":[{\"@type\":\"ListItem\",\"position\":1,\"name\":\"Inicio\",\"item\":\"https:\/\/www.locabarcelona.com\/it\/\"},{\"@type\":\"ListItem\",\"position\":2,\"name\":\"Agenzia immobiliare Barcellona\",\"item\":\"https:\/\/www.locabarcelona.com\/it\/abitazioni-affitto\/\"},{\"@type\":\"ListItem\",\"position\":3,\"name\":\"Appartamenti in affitto a Montju\u00efc\"}]},{\"@type\":\"WebSite\",\"@id\":\"https:\/\/www.locabarcelona.com\/it\/#website\",\"url\":\"https:\/\/www.locabarcelona.com\/it\/\",\"name\":\"Loca Barcelona\",\"description\":\"Real Estate Services\",\"publisher\":{\"@id\":\"https:\/\/www.locabarcelona.com\/it\/#organization\"},\"potentialAction\":[{\"@type\":\"SearchAction\",\"target\":{\"@type\":\"EntryPoint\",\"urlTemplate\":\"https:\/\/www.locabarcelona.com\/it\/?s={search_term_string}\"},\"query-input\":\"required name=search_term_string\"}],\"inLanguage\":\"it-IT\"},{\"@type\":\"Organization\",\"@id\":\"https:\/\/www.locabarcelona.com\/it\/#organization\",\"name\":\"Loca Barcelona\",\"url\":\"https:\/\/www.locabarcelona.com\/it\/\",\"logo\":{\"@type\":\"ImageObject\",\"inLanguage\":\"it-IT\",\"@id\":\"https:\/\/www.locabarcelona.com\/it\/#\/schema\/logo\/image\/\",\"url\":\"https:\/\/www.locabarcelona.com\/wp-content\/uploads\/2021\/10\/logo_locabarcelona_small.png\",\"contentUrl\":\"https:\/\/www.locabarcelona.com\/wp-content\/uploads\/2021\/10\/logo_locabarcelona_small.png\",\"width\":250,\"height\":149,\"caption\":\"Loca Barcelona\"},\"image\":{\"@id\":\"https:\/\/www.locabarcelona.com\/it\/#\/schema\/logo\/image\/\"}}]}<\/script>\n<!-- \/ Yoast SEO Premium plugin. -->","yoast_head_json":{"title":"Appartamenti in affitto nel quartiere di Montju\u00efc a Barcellona | Loca Barcelona","description":"Cerchi un appartamento da affittare a Barcellona? La zona del Montju\u00efc \u00e8 una delle pi\u00f9 accoglienti e verdi della citt\u00e0. Affidati a Loca Barcelona!","robots":{"index":"index","follow":"follow","max-snippet":"max-snippet:-1","max-image-preview":"max-image-preview:large","max-video-preview":"max-video-preview:-1"},"canonical":"https:\/\/www.locabarcelona.com\/it\/abitazioni-affitto\/montjuic\/","og_locale":"it_IT","og_type":"article","og_title":"Appartamenti in affitto nel quartiere di Montju\u00efc a Barcellona | Loca Barcelona","og_description":"Cerchi un appartamento da affittare a Barcellona? La zona del Montju\u00efc \u00e8 una delle pi\u00f9 accoglienti e verdi della citt\u00e0. Affidati a Loca Barcelona!","og_url":"https:\/\/www.locabarcelona.com\/it\/abitazioni-affitto\/montjuic\/","og_site_name":"Locabarcelona","article_modified_time":"2026-07-24T11:27:53+00:00","twitter_card":"summary_large_image","twitter_misc":{"Est. reading time":"4 minuti"},"schema":{"@context":"https:\/\/schema.org","@graph":[{"@type":"WebPage","@id":"https:\/\/www.locabarcelona.com\/it\/abitazioni-affitto\/montjuic\/","url":"https:\/\/www.locabarcelona.com\/it\/abitazioni-affitto\/montjuic\/","name":"Appartamenti in affitto nel quartiere di Montju\u00efc a Barcellona | Loca Barcelona","isPartOf":{"@id":"https:\/\/www.locabarcelona.com\/it\/#website"},"datePublished":"2022-09-02T09:56:00+00:00","dateModified":"2026-07-24T11:27:53+00:00","description":"Cerchi un appartamento da affittare a Barcellona? La zona del Montju\u00efc \u00e8 una delle pi\u00f9 accoglienti e verdi della citt\u00e0. Affidati a Loca Barcelona!","breadcrumb":{"@id":"https:\/\/www.locabarcelona.com\/it\/abitazioni-affitto\/montjuic\/#breadcrumb"},"inLanguage":"it-IT","potentialAction":[{"@type":"ReadAction","target":["https:\/\/www.locabarcelona.com\/it\/abitazioni-affitto\/montjuic\/"]}]},{"@type":"BreadcrumbList","@id":"https:\/\/www.locabarcelona.com\/it\/abitazioni-affitto\/montjuic\/#breadcrumb","itemListElement":[{"@type":"ListItem","position":1,"name":"Inicio","item":"https:\/\/www.locabarcelona.com\/it\/"},{"@type":"ListItem","position":2,"name":"Agenzia immobiliare Barcellona","item":"https:\/\/www.locabarcelona.com\/it\/abitazioni-affitto\/"},{"@type":"ListItem","position":3,"name":"Appartamenti in affitto a Montju\u00efc"}]},{"@type":"WebSite","@id":"https:\/\/www.locabarcelona.com\/it\/#website","url":"https:\/\/www.locabarcelona.com\/it\/","name":"Loca Barcelona","description":"Real Estate Services","publisher":{"@id":"https:\/\/www.locabarcelona.com\/it\/#organization"},"potentialAction":[{"@type":"SearchAction","target":{"@type":"EntryPoint","urlTemplate":"https:\/\/www.locabarcelona.com\/it\/?s={search_term_string}"},"query-input":"required name=search_term_string"}],"inLanguage":"it-IT"},{"@type":"Organization","@id":"https:\/\/www.locabarcelona.com\/it\/#organization","name":"Loca Barcelona","url":"https:\/\/www.locabarcelona.com\/it\/","logo":{"@type":"ImageObject","inLanguage":"it-IT","@id":"https:\/\/www.locabarcelona.com\/it\/#\/schema\/logo\/image\/","url":"https:\/\/www.locabarcelona.com\/wp-content\/uploads\/2021\/10\/logo_locabarcelona_small.png","contentUrl":"https:\/\/www.locabarcelona.com\/wp-content\/uploads\/2021\/10\/logo_locabarcelona_small.png","width":250,"height":149,"caption":"Loca Barcelona"},"image":{"@id":"https:\/\/www.locabarcelona.com\/it\/#\/schema\/logo\/image\/"}}]}},"_links":{"self":[{"href":"https:\/\/www.locabarcelona.com\/it\/wp-json\/wp\/v2\/pages\/1133855"}],"collection":[{"href":"https:\/\/www.locabarcelona.com\/it\/wp-json\/wp\/v2\/pages"}],"about":[{"href":"https:\/\/www.locabarcelona.com\/it\/wp-json\/wp\/v2\/types\/page"}],"author":[{"embeddable":true,"href":"https:\/\/www.locabarcelona.com\/it\/wp-json\/wp\/v2\/users\/344"}],"replies":[{"embeddable":true,"href":"https:\/\/www.locabarcelona.com\/it\/wp-json\/wp\/v2\/comments?post=1133855"}],"version-history":[{"count":4,"href":"https:\/\/www.locabarcelona.com\/it\/wp-json\/wp\/v2\/pages\/1133855\/revisions"}],"predecessor-version":[{"id":1133880,"href":"https:\/\/www.locabarcelona.com\/it\/wp-json\/wp\/v2\/pages\/1133855\/revisions\/1133880"}],"up":[{"embeddable":true,"href":"https:\/\/www.locabarcelona.com\/it\/wp-json\/wp\/v2\/pages\/1123303"}],"wp:attachment":[{"href":"https:\/\/www.locabarcelona.com\/it\/wp-json\/wp\/v2\/media?parent=1133855"}],"curies":[{"name":"wp","href":"https:\/\/api.w.org\/{rel}","templated":true}]}}