{"id":1133653,"date":"2022-05-03T16:20:09","date_gmt":"2022-05-03T14:20:09","guid":{"rendered":"https:\/\/www.locabarcelona.com\/abitazioni-affitto\/vila-de-gracia\/"},"modified":"2026-07-24T13:29:29","modified_gmt":"2026-07-24T11:29:29","slug":"vila-de-gracia","status":"publish","type":"page","link":"https:\/\/www.locabarcelona.com\/it\/abitazioni-affitto\/vila-de-gracia\/","title":{"rendered":"Appartamenti in affitto a Vila de Gr\u00e1cia"},"content":{"rendered":"\t\t<div data-elementor-type=\"wp-page\" data-elementor-id=\"1133653\" class=\"elementor elementor-1133653 elementor-446173\" data-elementor-post-type=\"page\">\n\t\t\t\t\t\t<section class=\"elementor-section elementor-top-section elementor-element elementor-element-1b511ecb elementor-section-boxed elementor-section-height-default elementor-section-height-default\" data-id=\"1b511ecb\" data-element_type=\"section\">\n\t\t\t\t\t\t<div class=\"elementor-container elementor-column-gap-default\">\n\t\t\t\t\t<div class=\"elementor-column elementor-col-100 elementor-top-column elementor-element elementor-element-112d6f88\" data-id=\"112d6f88\" data-element_type=\"column\">\n\t\t\t<div class=\"elementor-widget-wrap elementor-element-populated\">\n\t\t\t\t\t\t<div class=\"elementor-element elementor-element-1e3f3a06 elementor-widget elementor-widget-text-editor\" data-id=\"1e3f3a06\" data-element_type=\"widget\" data-widget_type=\"text-editor.default\">\n\t\t\t\t<div class=\"elementor-widget-container\">\n\t\t\t\t\t\t\t<h2>Perch\u00e9 affittare un appartamento a Vila de Gr\u00e1cia?<\/h2><p>Loca Barcelona \u00e8 un\u2019agenzia immobiliare che offre una vasta gamma di appartamenti in affitto a <strong>Vila de Gr\u00e0cia<\/strong>. Ti aiutiamo a scegliere l&#8217;appartamento dei tuoi sogni, per soggiorni brevi o lunghi, <strong>nel cuore di Barcellona<\/strong>! Tieni presente che la maggior parte di essi \u00e8 dotata di <strong>ascensore<\/strong>, <strong>terrazza<\/strong> e <strong>giardini.<\/strong><\/p><p>In ciascuno degli edifici modernisti di questa zona si aggiungono il lusso e il comfort dei tempi attuali, come <strong>l&#8217;attrezzatura completa in cucina<\/strong>, soggiorno e camere, oltre al segnale <strong>WI-FI<\/strong> in ciascuno dei suoi ambienti. Se preferisci, puoi scegliere appartamenti o monolocali non arredati, tutti con una spiccata luminosit\u00e0 e il piacere di vivere in un <strong>quartiere accogliente<\/strong>.<\/p><h3>L&#8217;atmosfera boh\u00e9mien a portata di mano<\/h3><p>Il quartiere \u00e8 famoso per <strong>l&#8217;atmosfera alternativa e artistica<\/strong> che si respira nei suoi vicoli e per la sua <strong>personalit\u00e0 boh\u00e9mien ed eclettica<\/strong>. Infatti, affittando un appartamento a Vila de Gr\u00e0cia sarai a diretto contatto con la <strong>vita vivace e giovanile<\/strong> che caratterizza questo accogliente quartiere di Barcellona.<\/p><h3>Tutti i servizi di una grande citt\u00e0 in un atmosfera da piccolo centro<\/h3><p>Se deciderai di affittare un appartamento a Vila de Gr\u00e0cia condividerai con i tuoi vicini la vita tipica di un piccolo centro, tra negozi e <strong>botteghe tradizionali<\/strong>. Potrai goderti momenti di spensieratezza con gli amici come una birra a mezzogiorno o una pausa in una delle piazze soleggiate.<\/p><p>Vila de Gr\u00e0cia appartiene al distretto omonimo. Gracia \u00e8 uno dei quartieri pi\u00f9 piccoli di Barcellona ma \u00e8 anche uno dei pi\u00f9 forniti di servizi: dispone di scuole, centri sportivi e culturali, farmacie, ospedali e un efficiente trasporto pubblico.<\/p><h2>Quali sono i vantaggi di affittare un appartamento nella zona di Vila de Gr\u00e1cia a Barcellona?<\/h2><p><span style=\"font-weight: 400;\">Affittare un appartamento a Vila de Gr\u00e0cia ti permetter\u00e0 di godere dei vantaggi culturali offerti da una quotidianit\u00e0 caratterizzata da talento e storia.<\/span><\/p><h3>Vila de Gr\u00e0cia e il suo stile di vita alternativo<\/h3><p>\u00c8 un quartiere ricco di <strong>contrasti multiculturali<\/strong>, ma, d&#8217;altra parte, possiede una forte tradizione di <strong>indipendenza<\/strong> rispetto alla citt\u00e0. <strong>La sua essenza catalana si mescola con il mondo globalizzato per creare un&#8217;espressione di autentico dinamismo<\/strong>. La vita mediterranea, le sue feste e uno stile <em>boh\u00e9mien<\/em> molto particolare saranno parte della tua quotidianit\u00e0 se affitterai un appartamento a Vila de Gr\u00e0cia!<\/p><h3>Un quartiere tranquillo, ma non noioso<\/h3><p>L&#8217;atmosfera \u00e8 quella di un piccolo centro, molto speciale. Loca Barcelona \u00e8 la migliore agenzia immobiliare che potrai trovare a Vila de Gr\u00e0cia: offriamo immobili in affitto, ben posizionati nelle pittoresche stradine o intorno alle numerose e vivaci piazze. Qui troverai sempre il <strong>luogo ideale dove trascorrere bei momenti con la famiglia o con gli amici<\/strong>.<\/p><h3>Affittare appartamenti in stile modernista a Vila de Gr\u00e0cia<\/h3><p>Gli <strong>appartamenti ristrutturati in affitto a Vila de Gr\u00e0cia<\/strong> fanno parte del <strong>Modernismo Catalano<\/strong> della fine del XIX secolo e dell&#8217;inizio del XX secolo. Infatti, il quartiere ospita le prime opere di Gaud\u00ed, come <strong>Casa Vicens<\/strong> e i vicini <strong>Parc G\u00fcell<\/strong>, <strong>Casa Batll\u00f3<\/strong> e <strong>La Pedrera<\/strong>. Tutte queste caratteristiche rendono gli appartamenti in affitto a Vila de Gr\u00e0cia molto richiesti.<\/p><h3>La migliore festa catalana dell&#8217;estate!<\/h3><p>Il distretto di Gracia ospita una delle feste di quartiere pi\u00f9 famose e apprezzate di Barcellona. Si tratta della <strong>Festa Major de Gr\u00e0cia<\/strong>, una celebrazione che comincia il 15 di agosto e prosegue per <strong>diversi giorni<\/strong>, durante la quale si decorano le piazze, le strade si riempiono di persone e la <strong>musica<\/strong> risuona ovunque. Se deciderai di affittare un appartamento a Vila de Gr\u00e1cia potrai goderti tutto questo direttamente dal tuo balcone!<\/p>\t\t\t\t\t\t<\/div>\n\t\t\t\t<\/div>\n\t\t\t\t<div class=\"elementor-element elementor-element-f291d56 elementor-widget elementor-widget-spacer\" data-id=\"f291d56\" data-element_type=\"widget\" data-widget_type=\"spacer.default\">\n\t\t\t\t<div class=\"elementor-widget-container\">\n\t\t\t\t\t<div class=\"elementor-spacer\">\n\t\t\t<div class=\"elementor-spacer-inner\"><\/div>\n\t\t<\/div>\n\t\t\t\t<\/div>\n\t\t\t\t<\/div>\n\t\t\t\t\t<\/div>\n\t\t<\/div>\n\t\t\t\t\t<\/div>\n\t\t<\/section>\n\t\t\t\t<section class=\"elementor-section elementor-top-section elementor-element elementor-element-832ea8e elementor-section-boxed elementor-section-height-default elementor-section-height-default\" data-id=\"832ea8e\" data-element_type=\"section\">\n\t\t\t\t\t\t<div class=\"elementor-container elementor-column-gap-default\">\n\t\t\t\t\t<div class=\"elementor-column elementor-col-100 elementor-top-column elementor-element elementor-element-8de9ada\" data-id=\"8de9ada\" data-element_type=\"column\">\n\t\t\t<div class=\"elementor-widget-wrap elementor-element-populated\">\n\t\t\t\t\t\t<div class=\"elementor-element elementor-element-7386a95 elementor-widget elementor-widget-heading\" data-id=\"7386a95\" data-element_type=\"widget\" data-widget_type=\"heading.default\">\n\t\t\t\t<div class=\"elementor-widget-container\">\n\t\t\t<h2 class=\"elementor-heading-title elementor-size-default\">Ricerche frequenti:<\/h2>\t\t<\/div>\n\t\t\t\t<\/div>\n\t\t\t\t\t<\/div>\n\t\t<\/div>\n\t\t\t\t\t<\/div>\n\t\t<\/section>\n\t\t\t\t<section class=\"elementor-section elementor-top-section elementor-element elementor-element-1a5ded0 elementor-section-boxed elementor-section-height-default elementor-section-height-default\" data-id=\"1a5ded0\" data-element_type=\"section\">\n\t\t\t\t\t\t<div class=\"elementor-container elementor-column-gap-default\">\n\t\t\t\t\t<div class=\"elementor-column elementor-col-50 elementor-top-column elementor-element elementor-element-2ab3f1fc\" data-id=\"2ab3f1fc\" data-element_type=\"column\">\n\t\t\t<div class=\"elementor-widget-wrap elementor-element-populated\">\n\t\t\t\t\t\t<div class=\"elementor-element elementor-element-3f863c25 elementor-widget elementor-widget-text-editor\" data-id=\"3f863c25\" data-element_type=\"widget\" data-widget_type=\"text-editor.default\">\n\t\t\t\t<div class=\"elementor-widget-container\">\n\t\t\t\t\t\t\t<p><a href=\"https:\/\/www.locabarcelona.com\/it\/abitazioni-affitto\/alloggi-studenti\/\">Appartamenti per studenti<\/a><\/p><p><a href=\"https:\/\/www.locabarcelona.com\/it\/abitazioni-affitto\/appartamenti-condivisi\/\">Appartamenti condivisi<\/a><\/p><p><a href=\"https:\/\/www.locabarcelona.com\/it\/property-status\/affitto-turistico\/\">Appartamenti turistici<\/a><\/p><p><a href=\"https:\/\/www.locabarcelona.com\/it\/property-feature\/caratteristiche\/ammobiliati\/\">Appartamenti ammobiliati in affitto<\/a><\/p><p><a href=\"https:\/\/www.locabarcelona.com\/it\/abitazioni-affitto\/affitto-monolocali\/\">Monolocali in affitto<\/a><\/p>\t\t\t\t\t\t<\/div>\n\t\t\t\t<\/div>\n\t\t\t\t\t<\/div>\n\t\t<\/div>\n\t\t\t\t<div class=\"elementor-column elementor-col-50 elementor-top-column elementor-element elementor-element-9f7d5a3\" data-id=\"9f7d5a3\" data-element_type=\"column\">\n\t\t\t<div class=\"elementor-widget-wrap elementor-element-populated\">\n\t\t\t\t\t\t<div class=\"elementor-element elementor-element-7d27101b elementor-widget elementor-widget-text-editor\" data-id=\"7d27101b\" data-element_type=\"widget\" data-widget_type=\"text-editor.default\">\n\t\t\t\t<div class=\"elementor-widget-container\">\n\t\t\t\t\t\t\t<p><a href=\"https:\/\/www.locabarcelona.com\/it\/abitazioni-affitto\/con-terrazzo\/\">Appartamenti con terrazza<\/a><\/p><p><a href=\"https:\/\/www.locabarcelona.com\/it\/abitazioni-affitto\/attico-barcellona\/\">Attici<\/a><\/p><p><a href=\"https:\/\/www.locabarcelona.com\/it\/abitazioni-affitto\/2-camere\/\"><span style=\"font-weight: 400;\">Appartamenti con 2 camere da letto<\/span><\/a><\/p><p><a href=\"https:\/\/www.locabarcelona.com\/it\/abitazioni-affitto\/3-camere\/\">Appartamenti con 3 camere da letto<\/a><\/p><p><a href=\"https:\/\/www.locabarcelona.com\/it\/abitazioni-affitto\/4-camere\/\">Appartamento con 4 camere da letto<\/a><\/p>\t\t\t\t\t\t<\/div>\n\t\t\t\t<\/div>\n\t\t\t\t\t<\/div>\n\t\t<\/div>\n\t\t\t\t\t<\/div>\n\t\t<\/section>\n\t\t\t\t<section class=\"elementor-section elementor-top-section elementor-element elementor-element-73a163e0 elementor-section-boxed elementor-section-height-default elementor-section-height-default\" data-id=\"73a163e0\" data-element_type=\"section\">\n\t\t\t\t\t\t<div class=\"elementor-container elementor-column-gap-default\">\n\t\t\t\t\t<div class=\"elementor-column elementor-col-100 elementor-top-column elementor-element elementor-element-4bad423f\" data-id=\"4bad423f\" data-element_type=\"column\">\n\t\t\t<div class=\"elementor-widget-wrap elementor-element-populated\">\n\t\t\t\t\t\t<div class=\"elementor-element elementor-element-5144ac45 elementor-widget elementor-widget-heading\" data-id=\"5144ac45\" data-element_type=\"widget\" data-widget_type=\"heading.default\">\n\t\t\t\t<div class=\"elementor-widget-container\">\n\t\t\t<h2 class=\"elementor-heading-title elementor-size-default\">Appartamenti in affitto suddivisi per distretti<\/h2>\t\t<\/div>\n\t\t\t\t<\/div>\n\t\t\t\t\t<\/div>\n\t\t<\/div>\n\t\t\t\t\t<\/div>\n\t\t<\/section>\n\t\t\t\t<section class=\"elementor-section elementor-top-section elementor-element elementor-element-2ecba8fe elementor-section-boxed elementor-section-height-default elementor-section-height-default\" data-id=\"2ecba8fe\" data-element_type=\"section\">\n\t\t\t\t\t\t<div class=\"elementor-container elementor-column-gap-default\">\n\t\t\t\t\t<div class=\"elementor-column elementor-col-50 elementor-top-column elementor-element elementor-element-7bc96a8e\" data-id=\"7bc96a8e\" data-element_type=\"column\">\n\t\t\t<div class=\"elementor-widget-wrap elementor-element-populated\">\n\t\t\t\t\t\t<div class=\"elementor-element elementor-element-674f348e elementor-widget elementor-widget-global elementor-global-446206 elementor-widget-text-editor\" data-id=\"674f348e\" data-element_type=\"widget\" data-widget_type=\"text-editor.default\">\n\t\t\t\t<div class=\"elementor-widget-container\">\n\t\t\t\t\t\t\t<p><span style=\"font-weight: 400;\"><a href=\"https:\/\/www.locabarcelona.com\/it\/abitazioni-affitto\/eixample\/\">Appartamenti in affitto all&#8217;Eixample<\/a><br \/><\/span><span style=\"font-weight: 400;\"><a href=\"https:\/\/www.locabarcelona.com\/it\/abitazioni-affitto\/eixample-dreta\/\">Appartamenti in affitto a Dreta dell\u2019Eixample<\/a>\u00a0<br \/><\/span><span style=\"font-weight: 400;\"><a href=\"https:\/\/www.locabarcelona.com\/it\/abitazioni-affitto\/antiga-esquerra-eixample\/\">Appartamenti in affitto all\u2019Antiga Esquerra dell&#8217;Eixample<\/a><br \/><\/span><a href=\"https:\/\/www.locabarcelona.com\/it\/abitazioni-affitto\/nova-esquerra-eixample\/\">Appartamenti in affitto alla Nova Esquerra dell&#8217;Eixample<\/a><br \/><span style=\"font-weight: 400;\"><a href=\"https:\/\/www.locabarcelona.com\/it\/abitazioni-affitto\/fort-pienc\/\">Appartamenti in affitto a Fort Pienc<\/a><br \/><\/span><span style=\"font-weight: 400;\"><a href=\"https:\/\/www.locabarcelona.com\/it\/abitazioni-affitto\/eixample\/sagrada-familia\/\">Appartamenti in affitto alla Sagrada Familia<\/a><br \/><\/span><span style=\"font-weight: 400;\"><a href=\"https:\/\/www.locabarcelona.com\/it\/abitazioni-affitto\/eixample\/sant-antoni\/\">Appartamenti in affitto a Sant Antoni<\/a><br \/><\/span><span style=\"font-weight: 400;\"><a href=\"https:\/\/www.locabarcelona.com\/it\/abitazioni-affitto\/ciutat-vella\/\">Appartamenti in affitto a Ciutat Vella<\/a><br \/><\/span><span style=\"font-weight: 400;\"><a href=\"https:\/\/www.locabarcelona.com\/it\/abitazioni-affitto\/gotico\/\">Appartamenti in affitto nel Quartiere Gotico<\/a><br \/><\/span><span style=\"font-weight: 400;\"><a href=\"https:\/\/www.locabarcelona.com\/it\/abitazioni-affitto\/raval\/\">Appartamenti in affitto a El Raval<\/a><br \/><\/span><span style=\"font-weight: 400;\"><a href=\"https:\/\/www.locabarcelona.com\/it\/abitazioni-affitto\/el-born\/\">Appartamenti in affitto a El Born<\/a><br \/><\/span><span style=\"font-weight: 400;\"><a href=\"https:\/\/www.locabarcelona.com\/it\/abitazioni-affitto\/barceloneta\/\">Appartamenti in affitto alla Barceloneta<\/a><br \/><\/span><span style=\"font-weight: 400;\"><a href=\"https:\/\/www.locabarcelona.com\/it\/abitazioni-affitto\/sants-montjuic\/\">Appartamenti in affitto a Sants-Montjuic<\/a><br \/><\/span><span style=\"font-weight: 400;\"><a href=\"https:\/\/www.locabarcelona.com\/it\/abitazioni-affitto\/poble-sec\/\">Appartamenti in affitto a Poble Sec<\/a><br \/><\/span><span style=\"font-weight: 400;\"><a href=\"https:\/\/www.locabarcelona.com\/it\/abitazioni-affitto\/sants\/\">Appartamenti in affitto a Sants<\/a><br \/><\/span><span style=\"font-weight: 400;\"><a href=\"https:\/\/www.locabarcelona.com\/it\/abitazioni-affitto\/el-putxet-i-farro\/\">Appartamenti in affitto a El Putxet i Farr\u00f3<\/a><br \/><\/span><span style=\"font-weight: 400;\"><a href=\"https:\/\/www.locabarcelona.com\/it\/abitazioni-affitto\/las-tres-torres\/\">Appartamenti in affitto a Las Tres Torres<\/a><br \/><\/span><a href=\"https:\/\/www.locabarcelona.com\/it\/abitazioni-affitto\/montjuic\/\"><span style=\"font-weight: 400;\">Appartamenti in affitto a Montjuic<\/span><\/a><\/p>\t\t\t\t\t\t<\/div>\n\t\t\t\t<\/div>\n\t\t\t\t\t<\/div>\n\t\t<\/div>\n\t\t\t\t<div class=\"elementor-column elementor-col-50 elementor-top-column elementor-element elementor-element-49dfc00c\" data-id=\"49dfc00c\" data-element_type=\"column\">\n\t\t\t<div class=\"elementor-widget-wrap elementor-element-populated\">\n\t\t\t\t\t\t<div class=\"elementor-element elementor-element-587e07c7 elementor-widget elementor-widget-global elementor-global-446210 elementor-widget-text-editor\" data-id=\"587e07c7\" data-element_type=\"widget\" data-widget_type=\"text-editor.default\">\n\t\t\t\t<div class=\"elementor-widget-container\">\n\t\t\t\t\t\t\t<p><span style=\"font-weight: 400;\"><a href=\"https:\/\/www.locabarcelona.com\/it\/abitazioni-affitto\/les-corts\/\">Appartamenti in affitto a Les Corts<\/a><br \/><\/span><span style=\"font-weight: 400;\"><a href=\"https:\/\/www.locabarcelona.com\/it\/abitazioni-affitto\/pedralbes\/\">Appartamenti in affitto a Pedralbes<\/a><br \/><\/span><span style=\"font-weight: 400;\"><a href=\"https:\/\/www.locabarcelona.com\/it\/abitazioni-affitto\/sarria-sant-gervasi\/\">Appartamenti in affitto a Sarria Sant Gervasi<\/a><br \/><\/span><span style=\"font-weight: 400;\"><a href=\"https:\/\/www.locabarcelona.com\/it\/abitazioni-affitto\/sarria\/\">Appartamenti in affitto a Sarria<\/a><br \/><\/span><span style=\"font-weight: 400;\"><a href=\"https:\/\/www.locabarcelona.com\/it\/abitazioni-affitto\/gracia\/\">Appartamenti in affitto a Gracia<\/a><br \/><\/span><span style=\"font-weight: 400;\"><a href=\"https:\/\/www.locabarcelona.com\/it\/abitazioni-affitto\/vila-de-gracia\/\">Appartamenti in affitto a Vila de Gr\u00e0cia<\/a><br \/><\/span><span style=\"font-weight: 400;\"><a href=\"https:\/\/www.locabarcelona.com\/it\/abitazioni-affitto\/horta-guinardo\/\">Appartamenti in affitto a Horta-Guinardo<\/a><br \/><\/span><span style=\"font-weight: 400;\"><a href=\"https:\/\/www.locabarcelona.com\/it\/abitazioni-affitto\/nou-barris\/\">Appartamenti in affitto a Nou Barris<\/a><br \/><\/span><span style=\"font-weight: 400;\"><a href=\"https:\/\/www.locabarcelona.com\/it\/abitazioni-affitto\/sant-andreu\/\">Appartamenti in affitto a Sant Andreu<\/a><br \/><\/span><span style=\"font-weight: 400;\"><a href=\"https:\/\/www.locabarcelona.com\/it\/abitazioni-affitto\/sant-marti\/\">Appartamenti in affitto a Sant Mart\u00ed<\/a><br \/><\/span><span style=\"font-weight: 400;\"><a href=\"https:\/\/www.locabarcelona.com\/it\/abitazioni-affitto\/el-clot\/\">Appartamenti in affitto a El Clot<\/a><br \/><\/span><span style=\"font-weight: 400;\"><a href=\"https:\/\/www.locabarcelona.com\/it\/abitazioni-affitto\/vila-olimpica-del-poblenou\/\">Appartamenti a La vila ol\u00edmpica del Poblenou<\/a><br \/><\/span><span style=\"font-weight: 400;\"><a href=\"https:\/\/www.locabarcelona.com\/it\/abitazioni-affitto\/poblenou\/\">Appartamenti in affitto a Poblenou<\/a><br \/><\/span><span style=\"font-weight: 400;\"><a href=\"https:\/\/www.locabarcelona.com\/it\/abitazioni-affitto\/diagonal-mar\/\">Appartamenti in affitto a Diagonal Mar<\/a><br \/><\/span><span style=\"font-weight: 400;\"><a href=\"https:\/\/www.locabarcelona.com\/it\/abitazioni-affitto\/sant-gervasi-la-bonanova\/\">Appartamenti in affitto a Sant Gervasi &#8211; la Bonanova<\/a><br \/><\/span><span style=\"font-weight: 400;\"><a href=\"https:\/\/www.locabarcelona.com\/it\/abitazioni-affitto\/sant-gervasi-galvany\/\">Appartamenti in affitto a Sant Gervasi Galvany<\/a><br \/><\/span><span style=\"font-weight: 400;\"><a href=\"https:\/\/www.locabarcelona.com\/it\/abitazioni-affitto\/zona-franca\/\">Appartamenti in affitto a Zona Franca<\/a><br \/><\/span><a href=\"https:\/\/www.locabarcelona.com\/it\/abitazioni-affitto\/sants-badal\/\"><span style=\"font-weight: 400;\">Appartamenti in affitto a Sants-Badal<\/span><\/a><\/p>\t\t\t\t\t\t<\/div>\n\t\t\t\t<\/div>\n\t\t\t\t\t<\/div>\n\t\t<\/div>\n\t\t\t\t\t<\/div>\n\t\t<\/section>\n\t\t\t\t<\/div>\n\t\t","protected":false},"excerpt":{"rendered":"<p>Perch\u00e9 affittare un appartamento a Vila de Gr\u00e1cia? Loca Barcelona \u00e8 un\u2019agenzia immobiliare che offre una vasta gamma di appartamenti in affitto a Vila de Gr\u00e0cia. Ti aiutiamo a scegliere l&#8217;appartamento dei tuoi sogni, per soggiorni brevi o lunghi, nel cuore di Barcellona! Tieni presente che la maggior parte di essi \u00e8 dotata di ascensore,&#8230;<\/p>\n","protected":false},"author":344,"featured_media":0,"parent":1123303,"menu_order":0,"comment_status":"closed","ping_status":"closed","template":"templates\/list-layout.php","meta":{"inline_featured_image":false,"footnotes":""},"yoast_head":"<!-- This site is optimized with the Yoast SEO Premium plugin v22.6 (Yoast SEO v22.6) - https:\/\/yoast.com\/wordpress\/plugins\/seo\/ -->\n<title>Appartamenti in affitto in zona Vila de Gr\u00e0cia a Barcellona | Loca Barcelona<\/title>\n<meta name=\"description\" content=\"Se pensi di trasferirti a Barcellona per un lungo o un breve periodo, affidati a Loca Barcelona! Troveremo l&#039;appartamento in affitto a Vila de Gr\u00e1cia che fa per te.\" \/>\n<meta name=\"robots\" content=\"index, follow, max-snippet:-1, max-image-preview:large, max-video-preview:-1\" \/>\n<link rel=\"canonical\" href=\"https:\/\/www.locabarcelona.com\/it\/abitazioni-affitto\/vila-de-gracia\/\" \/>\n<meta property=\"og:locale\" content=\"it_IT\" \/>\n<meta property=\"og:type\" content=\"article\" \/>\n<meta property=\"og:title\" content=\"Appartamenti in affitto in zona Vila de Gr\u00e0cia a Barcellona | Loca Barcelona\" \/>\n<meta property=\"og:description\" content=\"Se pensi di trasferirti a Barcellona per un lungo o un breve periodo, affidati a Loca Barcelona! Troveremo l&#039;appartamento in affitto a Vila de Gr\u00e1cia che fa per te.\" \/>\n<meta property=\"og:url\" content=\"https:\/\/www.locabarcelona.com\/it\/abitazioni-affitto\/vila-de-gracia\/\" \/>\n<meta property=\"og:site_name\" content=\"Locabarcelona\" \/>\n<meta property=\"article:modified_time\" content=\"2026-07-24T11:29:29+00:00\" \/>\n<meta name=\"twitter:card\" content=\"summary_large_image\" \/>\n<meta name=\"twitter:label1\" content=\"Est. reading time\" \/>\n\t<meta name=\"twitter:data1\" content=\"4 minuti\" \/>\n<script type=\"application\/ld+json\" class=\"yoast-schema-graph\">{\"@context\":\"https:\/\/schema.org\",\"@graph\":[{\"@type\":\"WebPage\",\"@id\":\"https:\/\/www.locabarcelona.com\/it\/abitazioni-affitto\/vila-de-gracia\/\",\"url\":\"https:\/\/www.locabarcelona.com\/it\/abitazioni-affitto\/vila-de-gracia\/\",\"name\":\"Appartamenti in affitto in zona Vila de Gr\u00e0cia a Barcellona | Loca Barcelona\",\"isPartOf\":{\"@id\":\"https:\/\/www.locabarcelona.com\/it\/#website\"},\"datePublished\":\"2022-05-03T14:20:09+00:00\",\"dateModified\":\"2026-07-24T11:29:29+00:00\",\"description\":\"Se pensi di trasferirti a Barcellona per un lungo o un breve periodo, affidati a Loca Barcelona! Troveremo l'appartamento in affitto a Vila de Gr\u00e1cia che fa per te.\",\"breadcrumb\":{\"@id\":\"https:\/\/www.locabarcelona.com\/it\/abitazioni-affitto\/vila-de-gracia\/#breadcrumb\"},\"inLanguage\":\"it-IT\",\"potentialAction\":[{\"@type\":\"ReadAction\",\"target\":[\"https:\/\/www.locabarcelona.com\/it\/abitazioni-affitto\/vila-de-gracia\/\"]}]},{\"@type\":\"BreadcrumbList\",\"@id\":\"https:\/\/www.locabarcelona.com\/it\/abitazioni-affitto\/vila-de-gracia\/#breadcrumb\",\"itemListElement\":[{\"@type\":\"ListItem\",\"position\":1,\"name\":\"Inicio\",\"item\":\"https:\/\/www.locabarcelona.com\/it\/\"},{\"@type\":\"ListItem\",\"position\":2,\"name\":\"Agenzia immobiliare Barcellona\",\"item\":\"https:\/\/www.locabarcelona.com\/it\/abitazioni-affitto\/\"},{\"@type\":\"ListItem\",\"position\":3,\"name\":\"Appartamenti in affitto a Vila de Gr\u00e1cia\"}]},{\"@type\":\"WebSite\",\"@id\":\"https:\/\/www.locabarcelona.com\/it\/#website\",\"url\":\"https:\/\/www.locabarcelona.com\/it\/\",\"name\":\"Loca Barcelona\",\"description\":\"Real Estate Services\",\"publisher\":{\"@id\":\"https:\/\/www.locabarcelona.com\/it\/#organization\"},\"potentialAction\":[{\"@type\":\"SearchAction\",\"target\":{\"@type\":\"EntryPoint\",\"urlTemplate\":\"https:\/\/www.locabarcelona.com\/it\/?s={search_term_string}\"},\"query-input\":\"required name=search_term_string\"}],\"inLanguage\":\"it-IT\"},{\"@type\":\"Organization\",\"@id\":\"https:\/\/www.locabarcelona.com\/it\/#organization\",\"name\":\"Loca Barcelona\",\"url\":\"https:\/\/www.locabarcelona.com\/it\/\",\"logo\":{\"@type\":\"ImageObject\",\"inLanguage\":\"it-IT\",\"@id\":\"https:\/\/www.locabarcelona.com\/it\/#\/schema\/logo\/image\/\",\"url\":\"https:\/\/www.locabarcelona.com\/wp-content\/uploads\/2021\/10\/logo_locabarcelona_small.png\",\"contentUrl\":\"https:\/\/www.locabarcelona.com\/wp-content\/uploads\/2021\/10\/logo_locabarcelona_small.png\",\"width\":250,\"height\":149,\"caption\":\"Loca Barcelona\"},\"image\":{\"@id\":\"https:\/\/www.locabarcelona.com\/it\/#\/schema\/logo\/image\/\"}}]}<\/script>\n<!-- \/ Yoast SEO Premium plugin. -->","yoast_head_json":{"title":"Appartamenti in affitto in zona Vila de Gr\u00e0cia a Barcellona | Loca Barcelona","description":"Se pensi di trasferirti a Barcellona per un lungo o un breve periodo, affidati a Loca Barcelona! Troveremo l'appartamento in affitto a Vila de Gr\u00e1cia che fa per te.","robots":{"index":"index","follow":"follow","max-snippet":"max-snippet:-1","max-image-preview":"max-image-preview:large","max-video-preview":"max-video-preview:-1"},"canonical":"https:\/\/www.locabarcelona.com\/it\/abitazioni-affitto\/vila-de-gracia\/","og_locale":"it_IT","og_type":"article","og_title":"Appartamenti in affitto in zona Vila de Gr\u00e0cia a Barcellona | Loca Barcelona","og_description":"Se pensi di trasferirti a Barcellona per un lungo o un breve periodo, affidati a Loca Barcelona! Troveremo l'appartamento in affitto a Vila de Gr\u00e1cia che fa per te.","og_url":"https:\/\/www.locabarcelona.com\/it\/abitazioni-affitto\/vila-de-gracia\/","og_site_name":"Locabarcelona","article_modified_time":"2026-07-24T11:29:29+00:00","twitter_card":"summary_large_image","twitter_misc":{"Est. reading time":"4 minuti"},"schema":{"@context":"https:\/\/schema.org","@graph":[{"@type":"WebPage","@id":"https:\/\/www.locabarcelona.com\/it\/abitazioni-affitto\/vila-de-gracia\/","url":"https:\/\/www.locabarcelona.com\/it\/abitazioni-affitto\/vila-de-gracia\/","name":"Appartamenti in affitto in zona Vila de Gr\u00e0cia a Barcellona | Loca Barcelona","isPartOf":{"@id":"https:\/\/www.locabarcelona.com\/it\/#website"},"datePublished":"2022-05-03T14:20:09+00:00","dateModified":"2026-07-24T11:29:29+00:00","description":"Se pensi di trasferirti a Barcellona per un lungo o un breve periodo, affidati a Loca Barcelona! Troveremo l'appartamento in affitto a Vila de Gr\u00e1cia che fa per te.","breadcrumb":{"@id":"https:\/\/www.locabarcelona.com\/it\/abitazioni-affitto\/vila-de-gracia\/#breadcrumb"},"inLanguage":"it-IT","potentialAction":[{"@type":"ReadAction","target":["https:\/\/www.locabarcelona.com\/it\/abitazioni-affitto\/vila-de-gracia\/"]}]},{"@type":"BreadcrumbList","@id":"https:\/\/www.locabarcelona.com\/it\/abitazioni-affitto\/vila-de-gracia\/#breadcrumb","itemListElement":[{"@type":"ListItem","position":1,"name":"Inicio","item":"https:\/\/www.locabarcelona.com\/it\/"},{"@type":"ListItem","position":2,"name":"Agenzia immobiliare Barcellona","item":"https:\/\/www.locabarcelona.com\/it\/abitazioni-affitto\/"},{"@type":"ListItem","position":3,"name":"Appartamenti in affitto a Vila de Gr\u00e1cia"}]},{"@type":"WebSite","@id":"https:\/\/www.locabarcelona.com\/it\/#website","url":"https:\/\/www.locabarcelona.com\/it\/","name":"Loca Barcelona","description":"Real Estate Services","publisher":{"@id":"https:\/\/www.locabarcelona.com\/it\/#organization"},"potentialAction":[{"@type":"SearchAction","target":{"@type":"EntryPoint","urlTemplate":"https:\/\/www.locabarcelona.com\/it\/?s={search_term_string}"},"query-input":"required name=search_term_string"}],"inLanguage":"it-IT"},{"@type":"Organization","@id":"https:\/\/www.locabarcelona.com\/it\/#organization","name":"Loca Barcelona","url":"https:\/\/www.locabarcelona.com\/it\/","logo":{"@type":"ImageObject","inLanguage":"it-IT","@id":"https:\/\/www.locabarcelona.com\/it\/#\/schema\/logo\/image\/","url":"https:\/\/www.locabarcelona.com\/wp-content\/uploads\/2021\/10\/logo_locabarcelona_small.png","contentUrl":"https:\/\/www.locabarcelona.com\/wp-content\/uploads\/2021\/10\/logo_locabarcelona_small.png","width":250,"height":149,"caption":"Loca Barcelona"},"image":{"@id":"https:\/\/www.locabarcelona.com\/it\/#\/schema\/logo\/image\/"}}]}},"_links":{"self":[{"href":"https:\/\/www.locabarcelona.com\/it\/wp-json\/wp\/v2\/pages\/1133653"}],"collection":[{"href":"https:\/\/www.locabarcelona.com\/it\/wp-json\/wp\/v2\/pages"}],"about":[{"href":"https:\/\/www.locabarcelona.com\/it\/wp-json\/wp\/v2\/types\/page"}],"author":[{"embeddable":true,"href":"https:\/\/www.locabarcelona.com\/it\/wp-json\/wp\/v2\/users\/344"}],"replies":[{"embeddable":true,"href":"https:\/\/www.locabarcelona.com\/it\/wp-json\/wp\/v2\/comments?post=1133653"}],"version-history":[{"count":5,"href":"https:\/\/www.locabarcelona.com\/it\/wp-json\/wp\/v2\/pages\/1133653\/revisions"}],"predecessor-version":[{"id":1133916,"href":"https:\/\/www.locabarcelona.com\/it\/wp-json\/wp\/v2\/pages\/1133653\/revisions\/1133916"}],"up":[{"embeddable":true,"href":"https:\/\/www.locabarcelona.com\/it\/wp-json\/wp\/v2\/pages\/1123303"}],"wp:attachment":[{"href":"https:\/\/www.locabarcelona.com\/it\/wp-json\/wp\/v2\/media?parent=1133653"}],"curies":[{"name":"wp","href":"https:\/\/api.w.org\/{rel}","templated":true}]}}